{"id":15,"date":"2020-07-20T18:52:31","date_gmt":"2020-07-20T16:52:31","guid":{"rendered":"http:\/\/lestiveduclaux.fr\/?page_id=15"},"modified":"2026-03-11T14:46:59","modified_gmt":"2026-03-11T13:46:59","slug":"activites-et-decouvertes","status":"publish","type":"page","link":"https:\/\/lestiveduclaux.fr\/?page_id=15","title":{"rendered":"Activit\u00e9s et D\u00e9couvertes"},"content":{"rendered":"\n<div class=\"wp-block-group\"><div class=\"wp-block-group__inner-container is-layout-flow wp-block-group-is-layout-flow\">\n<div class=\"wp-block-columns is-layout-flex wp-container-core-columns-is-layout-9d6595d7 wp-block-columns-is-layout-flex\">\n<div class=\"wp-block-column is-layout-flow wp-block-column-is-layout-flow\"><div class=\"wp-block-image\">\n<figure class=\"aligncenter size-large is-resized\"><img loading=\"lazy\" decoding=\"async\" width=\"1024\" height=\"917\" src=\"http:\/\/lestiveduclaux.fr\/wp-content\/uploads\/2024\/07\/du-peyre-arse-1024x917.jpg\" alt=\"\" class=\"wp-image-636\" style=\"width:229px;height:auto\" srcset=\"https:\/\/lestiveduclaux.fr\/wp-content\/uploads\/2024\/07\/du-peyre-arse-1024x917.jpg 1024w, https:\/\/lestiveduclaux.fr\/wp-content\/uploads\/2024\/07\/du-peyre-arse-300x269.jpg 300w, https:\/\/lestiveduclaux.fr\/wp-content\/uploads\/2024\/07\/du-peyre-arse-768x688.jpg 768w, https:\/\/lestiveduclaux.fr\/wp-content\/uploads\/2024\/07\/du-peyre-arse-1536x1376.jpg 1536w, https:\/\/lestiveduclaux.fr\/wp-content\/uploads\/2024\/07\/du-peyre-arse-2048x1835.jpg 2048w, https:\/\/lestiveduclaux.fr\/wp-content\/uploads\/2024\/07\/du-peyre-arse-1206x1080.jpg 1206w\" sizes=\"auto, (max-width: 1024px) 100vw, 1024px\" \/><\/figure>\n<\/div>\n\n\n<h2 class=\"wp-block-heading\"><\/h2>\n\n\n\n<h4 class=\"wp-block-heading has-text-color\" style=\"color:#4811d2\"><mark style=\"background-color:rgba(0, 0, 0, 0);color:#418a34\" class=\"has-inline-color\">Village \u00e9tape sur le GR 400<\/mark> et sur la GTVA (Grande Travers\u00e9e des Volcans d&#8217;Auvergne)<\/h4>\n\n\n\n<p class=\"has-text-align-left\">Halte de charme sur ces 2 GR, L&#8217;\u00e9quipe de l&#8217;Estive du Claux saura vous ressourcer apr\u00e8s une belle randonn\u00e9e.<\/p>\n\n\n\n<h2 class=\"wp-block-heading\"><\/h2>\n\n\n\n<div class=\"wp-block-buttons is-content-justification-left is-layout-flex wp-container-core-buttons-is-layout-fdcfc74e wp-block-buttons-is-layout-flex\">\n<div class=\"wp-block-button\"><a class=\"wp-block-button__link has-very-light-gray-color has-text-color has-background wp-element-button\" href=\"https:\/\/www.mongr.fr\/\" style=\"background-color:#938238\" target=\"_blank\" rel=\"noreferrer noopener\">Plus d&#8217;infos<\/a><\/div>\n<\/div>\n<\/div>\n\n\n\n<div class=\"wp-block-column is-layout-flow wp-block-column-is-layout-flow\"><div class=\"wp-block-image\">\n<figure class=\"aligncenter size-full is-resized\"><img loading=\"lazy\" decoding=\"async\" width=\"184\" height=\"256\" src=\"http:\/\/lestiveduclaux.fr\/wp-content\/uploads\/2024\/07\/LOGO-accueil-velo.jpg\" alt=\"\" class=\"wp-image-613\" style=\"width:146px;height:auto\"\/><\/figure>\n<\/div>\n\n\n<h2 class=\"wp-block-heading\"><\/h2>\n\n\n\n<h4 class=\"wp-block-heading\"><mark style=\"background-color:rgba(0, 0, 0, 0);color:#418a34\" class=\"has-inline-color\">H\u00e9bergement Accueil V\u00e9lo<\/mark><\/h4>\n\n\n\n<p>Passionn\u00e9s de cyclisme, retrouvez-nous pour vous aiguiller dans vos sorties VTT et v\u00e9lo de route au d\u00e9part de notre h\u00e9bergement. Possibilit\u00e9 de recharger les v\u00e9los \u00e9lectriques ! <\/p>\n\n\n\n<h2 class=\"wp-block-heading\"><\/h2>\n\n\n\n<div class=\"wp-block-buttons is-layout-flex wp-block-buttons-is-layout-flex\">\n<div class=\"wp-block-button\"><a class=\"wp-block-button__link has-very-light-gray-color has-text-color has-background wp-element-button\" style=\"background-color:#938238\">Plus d&#8217;infos<\/a><\/div>\n<\/div>\n<\/div>\n\n\n\n<div class=\"wp-block-column is-layout-flow wp-block-column-is-layout-flow\">\n<figure class=\"wp-block-image size-large is-resized\"><img loading=\"lazy\" decoding=\"async\" width=\"1024\" height=\"768\" src=\"http:\/\/lestiveduclaux.fr\/wp-content\/uploads\/2024\/07\/parapente-1024x768.jpg\" alt=\"\" class=\"wp-image-637\" style=\"width:272px;height:auto\" srcset=\"https:\/\/lestiveduclaux.fr\/wp-content\/uploads\/2024\/07\/parapente-1024x768.jpg 1024w, https:\/\/lestiveduclaux.fr\/wp-content\/uploads\/2024\/07\/parapente-300x225.jpg 300w, https:\/\/lestiveduclaux.fr\/wp-content\/uploads\/2024\/07\/parapente-768x576.jpg 768w, https:\/\/lestiveduclaux.fr\/wp-content\/uploads\/2024\/07\/parapente-1536x1152.jpg 1536w, https:\/\/lestiveduclaux.fr\/wp-content\/uploads\/2024\/07\/parapente-2048x1536.jpg 2048w, https:\/\/lestiveduclaux.fr\/wp-content\/uploads\/2024\/07\/parapente-1440x1080.jpg 1440w\" sizes=\"auto, (max-width: 1024px) 100vw, 1024px\" \/><\/figure>\n\n\n\n<h2 class=\"wp-block-heading\"><\/h2>\n\n\n\n<h4 class=\"wp-block-heading has-text-color\" style=\"color:#4811d2\"><mark style=\"background-color:rgba(0, 0, 0, 0);color:#309031\" class=\"has-inline-color\">Pratiquez le Parape<\/mark><mark style=\"background-color:rgba(0, 0, 0, 0);color:#3d8a2e\" class=\"has-inline-color\">nte !<\/mark><\/h4>\n\n\n\n<div class=\"wp-block-group\"><div class=\"wp-block-group__inner-container is-layout-constrained wp-block-group-is-layout-constrained\">\n<p class=\"has-text-align-left\">L&#8217;\u00e9cole de Parapente du Puy Mary propose des stages initiation\/perfectionnement, des bapt\u00eames biplace. L&#8217;Estive du Claux, \u00e0 200 m de l&#8217;\u00e9cole, propose 5% de remise sur l&#8217;h\u00e9bergement aux stagiaires.<\/p>\n\n\n\n<h2 class=\"wp-block-heading\"><\/h2>\n\n\n\n<div class=\"wp-block-buttons is-content-justification-left is-layout-flex wp-container-core-buttons-is-layout-fdcfc74e wp-block-buttons-is-layout-flex\">\n<div class=\"wp-block-button\"><a class=\"wp-block-button__link has-very-light-gray-color has-text-color has-background wp-element-button\" href=\"https:\/\/www.parapente-puy-mary.com\/\" style=\"background-color:#938238\" target=\"_blank\" rel=\"noreferrer noopener\">Plus d&#8217;infos<\/a><\/div>\n<\/div>\n<\/div><\/div>\n<\/div>\n<\/div>\n<\/div><\/div>\n\n\n\n<h2 class=\"wp-block-heading\"><\/h2>\n\n\n\n<div class=\"wp-block-columns is-layout-flex wp-container-core-columns-is-layout-9d6595d7 wp-block-columns-is-layout-flex\">\n<div class=\"wp-block-column is-layout-flow wp-block-column-is-layout-flow\">\n<figure class=\"wp-block-image size-large\"><img loading=\"lazy\" decoding=\"async\" width=\"462\" height=\"471\" src=\"http:\/\/lestiveduclaux.fr\/wp-content\/uploads\/2020\/07\/2020-07-21_14h24_26.png\" alt=\"\" class=\"wp-image-288\" srcset=\"https:\/\/lestiveduclaux.fr\/wp-content\/uploads\/2020\/07\/2020-07-21_14h24_26.png 462w, https:\/\/lestiveduclaux.fr\/wp-content\/uploads\/2020\/07\/2020-07-21_14h24_26-294x300.png 294w\" sizes=\"auto, (max-width: 462px) 100vw, 462px\" \/><\/figure>\n\n\n\n<h2 class=\"wp-block-heading\"><\/h2>\n\n\n\n<h4 class=\"wp-block-heading has-text-color\" style=\"color:#4811d2\"><mark style=\"background-color:rgba(0, 0, 0, 0);color:#3d8839\" class=\"has-inline-color\">A l&#8217;ascension du Puy Mary<\/mark><\/h4>\n\n\n\n<p>Class\u00e9 Grand Site de France depuis 2012, le Puy Mary culmine \u00e0 1783 m. Depuis notre Maison d&#8217;h\u00f4tes, \u00e0 pied, en v\u00e9lo, avec la navette, le coeur du plus grand strato-volcan d&#8217;Europe vous \u00e9merveillera.<\/p>\n\n\n\n<p><\/p>\n\n\n\n<h2 class=\"wp-block-heading\"><\/h2>\n\n\n\n<div class=\"wp-block-buttons is-layout-flex wp-block-buttons-is-layout-flex\">\n<div class=\"wp-block-button\"><a class=\"wp-block-button__link has-very-light-gray-color has-text-color has-background wp-element-button\" href=\"https:\/\/www.puymary.fr\/\" style=\"background-color:#938238\" target=\"_blank\" rel=\"noreferrer noopener\">Plus d&#8217;infos<\/a><\/div>\n<\/div>\n<\/div>\n\n\n\n<div class=\"wp-block-column is-layout-flow wp-block-column-is-layout-flow\">\n<figure class=\"wp-block-image size-large\"><img loading=\"lazy\" decoding=\"async\" width=\"471\" height=\"472\" src=\"http:\/\/lestiveduclaux.fr\/wp-content\/uploads\/2020\/07\/2020-07-21_14h24_32.png\" alt=\"\" class=\"wp-image-284\" srcset=\"https:\/\/lestiveduclaux.fr\/wp-content\/uploads\/2020\/07\/2020-07-21_14h24_32.png 471w, https:\/\/lestiveduclaux.fr\/wp-content\/uploads\/2020\/07\/2020-07-21_14h24_32-300x300.png 300w, https:\/\/lestiveduclaux.fr\/wp-content\/uploads\/2020\/07\/2020-07-21_14h24_32-150x150.png 150w\" sizes=\"auto, (max-width: 471px) 100vw, 471px\" \/><\/figure>\n\n\n\n<h2 class=\"wp-block-heading\"><\/h2>\n\n\n\n<h4 class=\"wp-block-heading has-text-color\" style=\"color:#4811d2\"><mark style=\"background-color:rgba(0, 0, 0, 0);color:#448039\" class=\"has-inline-color\">La nature \u00e0 perte de vue<\/mark><\/h4>\n\n\n\n<p>Si vous \u00eates amoureux des grands espaces, de la nature pr\u00e9serv\u00e9e, vous \u00eates au bon endroit dans notre village. De multiples possibilit\u00e9s de randonn\u00e9es et de visites vous attendent.<\/p>\n\n\n\n<h2 class=\"wp-block-heading\"><\/h2>\n\n\n\n<div class=\"wp-block-buttons is-layout-flex wp-block-buttons-is-layout-flex\">\n<div class=\"wp-block-button\"><a class=\"wp-block-button__link has-very-light-gray-color has-text-color has-background wp-element-button\" href=\"http:\/\/www.leclaux-puymary.com\/\" style=\"background-color:#938238\" target=\"_blank\" rel=\"noreferrer noopener\">Plus d&#8217;infos<\/a><\/div>\n<\/div>\n<\/div>\n\n\n\n<div class=\"wp-block-column is-layout-flow wp-block-column-is-layout-flow\">\n<figure class=\"wp-block-image size-large\"><img loading=\"lazy\" decoding=\"async\" width=\"465\" height=\"474\" src=\"http:\/\/lestiveduclaux.fr\/wp-content\/uploads\/2020\/07\/2020-07-21_14h24_38.png\" alt=\"\" class=\"wp-image-289\" srcset=\"https:\/\/lestiveduclaux.fr\/wp-content\/uploads\/2020\/07\/2020-07-21_14h24_38.png 465w, https:\/\/lestiveduclaux.fr\/wp-content\/uploads\/2020\/07\/2020-07-21_14h24_38-294x300.png 294w\" sizes=\"auto, (max-width: 465px) 100vw, 465px\" \/><\/figure>\n\n\n\n<h2 class=\"wp-block-heading\"><\/h2>\n\n\n\n<h4 class=\"wp-block-heading has-text-color\" style=\"color:#4811d2\"><mark style=\"background-color:rgba(0, 0, 0, 0);color:#428c3d\" class=\"has-inline-color\">Pour les Gourmands&#8230;<\/mark><\/h4>\n\n\n\n<p>Tous les Dimanches matins en Juillet et Ao\u00fbt, les producteurs locaux se font un plaisir de vous  faire go\u00fbter leurs produits.<\/p>\n\n\n\n<p>Commerces dans le village: 1 Boulangerie + 1 Epicerie ouvertes les matins, uniquement pendant les vacances scolaires d&#8217;\u00e9t\u00e9.<\/p>\n\n\n\n<h2 class=\"wp-block-heading\"><\/h2>\n\n\n\n<div class=\"wp-block-buttons is-layout-flex wp-block-buttons-is-layout-flex\">\n<div class=\"wp-block-button\"><a class=\"wp-block-button__link has-very-light-gray-color has-text-color has-background wp-element-button\" href=\"https:\/\/www.nordicateampuymary.com\/\" style=\"background-color:#938238\" target=\"_blank\" rel=\"noreferrer noopener\">Plus d&#8217;infos<\/a><\/div>\n<\/div>\n<\/div>\n<\/div>\n\n\n\n<h2 class=\"wp-block-heading\"><\/h2>\n\n\n\n<div class=\"wp-block-columns is-layout-flex wp-container-core-columns-is-layout-9d6595d7 wp-block-columns-is-layout-flex\">\n<div class=\"wp-block-column is-layout-flow wp-block-column-is-layout-flow\">\n<figure class=\"wp-block-image size-large\"><img loading=\"lazy\" decoding=\"async\" width=\"545\" height=\"513\" src=\"http:\/\/lestiveduclaux.fr\/wp-content\/uploads\/2021\/02\/2021-02-28_18h33_01.png\" alt=\"\" class=\"wp-image-451\" srcset=\"https:\/\/lestiveduclaux.fr\/wp-content\/uploads\/2021\/02\/2021-02-28_18h33_01.png 545w, https:\/\/lestiveduclaux.fr\/wp-content\/uploads\/2021\/02\/2021-02-28_18h33_01-300x282.png 300w\" sizes=\"auto, (max-width: 545px) 100vw, 545px\" \/><\/figure>\n\n\n\n<h2 class=\"wp-block-heading\"><\/h2>\n\n\n\n<h4 class=\"wp-block-heading has-text-color\" style=\"color:#4811d2\"><mark style=\"background-color:rgba(0, 0, 0, 0);color:#3b7633\" class=\"has-inline-color\">Bougez au Col de Serre<\/mark><\/h4>\n\n\n\n<p>Natur\u2019O\u2019Col a pour but de faire vivre le site du Col de Serre en proposant Bar et restauration, Activit\u00e9s en toutes saisons: raquettes, ski de fond, luge, VTT, randonn\u00e9es&#8230;<\/p>\n\n\n\n<h2 class=\"wp-block-heading\"><\/h2>\n\n\n\n<div class=\"wp-block-buttons is-layout-flex wp-block-buttons-is-layout-flex\">\n<div class=\"wp-block-button\"><a class=\"wp-block-button__link has-very-light-gray-color has-text-color has-background wp-element-button\" href=\"https:\/\/www.naturocol.com\/\" style=\"background-color:#938238\" target=\"_blank\" rel=\"noreferrer noopener\">Plus d&#8217;infos<\/a><\/div>\n<\/div>\n<\/div>\n\n\n\n<div class=\"wp-block-column is-layout-flow wp-block-column-is-layout-flow\">\n<div class=\"wp-block-group\"><div class=\"wp-block-group__inner-container is-layout-constrained wp-block-group-is-layout-constrained\">\n<figure class=\"wp-block-image size-large is-resized\"><img loading=\"lazy\" decoding=\"async\" width=\"469\" height=\"351\" src=\"http:\/\/lestiveduclaux.fr\/wp-content\/uploads\/2020\/07\/2020-07-21_14h24_18.png\" alt=\"\" class=\"wp-image-287\" style=\"width:318px;height:auto\" srcset=\"https:\/\/lestiveduclaux.fr\/wp-content\/uploads\/2020\/07\/2020-07-21_14h24_18.png 469w, https:\/\/lestiveduclaux.fr\/wp-content\/uploads\/2020\/07\/2020-07-21_14h24_18-300x225.png 300w\" sizes=\"auto, (max-width: 469px) 100vw, 469px\" \/><\/figure>\n<\/div><\/div>\n\n\n\n<h2 class=\"wp-block-heading\"><\/h2>\n\n\n\n<p><\/p>\n\n\n\n<h2 class=\"wp-block-heading\"><\/h2>\n\n\n\n<h4 class=\"wp-block-heading has-text-color\" style=\"color:#4811d2\"><mark style=\"background-color:rgba(0, 0, 0, 0);color:#31782b\" class=\"has-inline-color\">D\u00e9couvrez la Cani-Rando<\/mark> ou le chien de tra\u00eeneau<\/h4>\n\n\n\n<p>Partagez un moment de complicit\u00e9 avec les chiens d&#8217;Anne-So au pied du Puy Mary dans le joli bois de Lascourt.<\/p>\n\n\n\n<h2 class=\"wp-block-heading\"><\/h2>\n\n\n\n<div class=\"wp-block-buttons is-layout-flex wp-block-buttons-is-layout-flex\">\n<div class=\"wp-block-button\"><a class=\"wp-block-button__link has-very-light-gray-color has-text-color has-background wp-element-button\" style=\"background-color:#938238\">Plus d&#8217;infos<\/a><\/div>\n<\/div>\n\n\n\n<p><\/p>\n<\/div>\n<\/div>\n","protected":false},"excerpt":{"rendered":"<p>Village \u00e9tape sur le GR 400 et sur la GTVA (Grande Travers\u00e9e des Volcans d&#8217;Auvergne) Halte de charme sur ces 2 GR, L&#8217;\u00e9quipe de l&#8217;Estive du Claux saura vous ressourcer apr\u00e8s une belle randonn\u00e9e. H\u00e9bergement Accueil V\u00e9lo Passionn\u00e9s de cyclisme, retrouvez-nous pour vous aiguiller dans vos sorties VTT et v\u00e9lo de route au d\u00e9part de&hellip; <br \/> <a class=\"button small blue\" href=\"https:\/\/lestiveduclaux.fr\/?page_id=15\">Read more<\/a><\/p>\n","protected":false},"author":1,"featured_media":0,"parent":0,"menu_order":0,"comment_status":"closed","ping_status":"closed","template":"","meta":{"footnotes":""},"class_list":["post-15","page","type-page","status-publish","hentry"],"yoast_head":"<!-- This site is optimized with the Yoast SEO plugin v23.9 - https:\/\/yoast.com\/wordpress\/plugins\/seo\/ -->\n<title>Activit\u00e9s et D\u00e9couvertes - L&#039;Estive du Claux<\/title>\n<meta name=\"description\" content=\"Chambre et table d&#039;h\u00f4te au pied du Puy Mary dans le cantal, pour pratiquer randonn\u00e9es, VTT, parapente. D\u00e9couvrir notre terroire, gatronomie, patrimoine\" \/>\n<meta name=\"robots\" content=\"index, follow, max-snippet:-1, max-image-preview:large, max-video-preview:-1\" \/>\n<link rel=\"canonical\" href=\"https:\/\/lestiveduclaux.fr\/?page_id=15\" \/>\n<meta property=\"og:locale\" content=\"en_US\" \/>\n<meta property=\"og:type\" content=\"article\" \/>\n<meta property=\"og:title\" content=\"Activit\u00e9s et D\u00e9couvertes - L&#039;Estive du Claux\" \/>\n<meta property=\"og:description\" content=\"Chambre et table d&#039;h\u00f4te au pied du Puy Mary dans le cantal, pour pratiquer randonn\u00e9es, VTT, parapente. D\u00e9couvrir notre terroire, gatronomie, patrimoine\" \/>\n<meta property=\"og:url\" content=\"https:\/\/lestiveduclaux.fr\/?page_id=15\" \/>\n<meta property=\"og:site_name\" content=\"L&#039;Estive du Claux\" \/>\n<meta property=\"article:publisher\" content=\"https:\/\/www.facebook.com\/pages\/category\/Bed-and-Breakfast\/LEstive-du-Claux-100901485023600\/\" \/>\n<meta property=\"article:modified_time\" content=\"2026-03-11T13:46:59+00:00\" \/>\n<meta property=\"og:image\" content=\"https:\/\/lestiveduclaux.fr\/wp-content\/uploads\/2024\/07\/du-peyre-arse-scaled.jpg\" \/>\n\t<meta property=\"og:image:width\" content=\"2560\" \/>\n\t<meta property=\"og:image:height\" content=\"2293\" \/>\n\t<meta property=\"og:image:type\" content=\"image\/jpeg\" \/>\n<meta name=\"twitter:card\" content=\"summary_large_image\" \/>\n<meta name=\"twitter:label1\" content=\"Est. reading time\" \/>\n\t<meta name=\"twitter:data1\" content=\"3 minutes\" \/>\n<script type=\"application\/ld+json\" class=\"yoast-schema-graph\">{\"@context\":\"https:\/\/schema.org\",\"@graph\":[{\"@type\":\"WebPage\",\"@id\":\"https:\/\/lestiveduclaux.fr\/?page_id=15\",\"url\":\"https:\/\/lestiveduclaux.fr\/?page_id=15\",\"name\":\"Activit\u00e9s et D\u00e9couvertes - L&#039;Estive du Claux\",\"isPartOf\":{\"@id\":\"https:\/\/lestiveduclaux.fr\/#website\"},\"primaryImageOfPage\":{\"@id\":\"https:\/\/lestiveduclaux.fr\/?page_id=15#primaryimage\"},\"image\":{\"@id\":\"https:\/\/lestiveduclaux.fr\/?page_id=15#primaryimage\"},\"thumbnailUrl\":\"http:\/\/lestiveduclaux.fr\/wp-content\/uploads\/2024\/07\/du-peyre-arse-1024x917.jpg\",\"datePublished\":\"2020-07-20T16:52:31+00:00\",\"dateModified\":\"2026-03-11T13:46:59+00:00\",\"description\":\"Chambre et table d'h\u00f4te au pied du Puy Mary dans le cantal, pour pratiquer randonn\u00e9es, VTT, parapente. D\u00e9couvrir notre terroire, gatronomie, patrimoine\",\"breadcrumb\":{\"@id\":\"https:\/\/lestiveduclaux.fr\/?page_id=15#breadcrumb\"},\"inLanguage\":\"en-US\",\"potentialAction\":[{\"@type\":\"ReadAction\",\"target\":[\"https:\/\/lestiveduclaux.fr\/?page_id=15\"]}]},{\"@type\":\"ImageObject\",\"inLanguage\":\"en-US\",\"@id\":\"https:\/\/lestiveduclaux.fr\/?page_id=15#primaryimage\",\"url\":\"https:\/\/lestiveduclaux.fr\/wp-content\/uploads\/2024\/07\/du-peyre-arse-scaled.jpg\",\"contentUrl\":\"https:\/\/lestiveduclaux.fr\/wp-content\/uploads\/2024\/07\/du-peyre-arse-scaled.jpg\",\"width\":2560,\"height\":2293},{\"@type\":\"BreadcrumbList\",\"@id\":\"https:\/\/lestiveduclaux.fr\/?page_id=15#breadcrumb\",\"itemListElement\":[{\"@type\":\"ListItem\",\"position\":1,\"name\":\"Accueil\",\"item\":\"https:\/\/lestiveduclaux.fr\/\"},{\"@type\":\"ListItem\",\"position\":2,\"name\":\"Activit\u00e9s et D\u00e9couvertes\"}]},{\"@type\":\"WebSite\",\"@id\":\"https:\/\/lestiveduclaux.fr\/#website\",\"url\":\"https:\/\/lestiveduclaux.fr\/\",\"name\":\"Estive du Claux\",\"description\":\"\",\"potentialAction\":[{\"@type\":\"SearchAction\",\"target\":{\"@type\":\"EntryPoint\",\"urlTemplate\":\"https:\/\/lestiveduclaux.fr\/?s={search_term_string}\"},\"query-input\":{\"@type\":\"PropertyValueSpecification\",\"valueRequired\":true,\"valueName\":\"search_term_string\"}}],\"inLanguage\":\"en-US\"}]}<\/script>\n<!-- \/ Yoast SEO plugin. -->","yoast_head_json":{"title":"Activit\u00e9s et D\u00e9couvertes - L&#039;Estive du Claux","description":"Chambre et table d'h\u00f4te au pied du Puy Mary dans le cantal, pour pratiquer randonn\u00e9es, VTT, parapente. D\u00e9couvrir notre terroire, gatronomie, patrimoine","robots":{"index":"index","follow":"follow","max-snippet":"max-snippet:-1","max-image-preview":"max-image-preview:large","max-video-preview":"max-video-preview:-1"},"canonical":"https:\/\/lestiveduclaux.fr\/?page_id=15","og_locale":"en_US","og_type":"article","og_title":"Activit\u00e9s et D\u00e9couvertes - L&#039;Estive du Claux","og_description":"Chambre et table d'h\u00f4te au pied du Puy Mary dans le cantal, pour pratiquer randonn\u00e9es, VTT, parapente. D\u00e9couvrir notre terroire, gatronomie, patrimoine","og_url":"https:\/\/lestiveduclaux.fr\/?page_id=15","og_site_name":"L&#039;Estive du Claux","article_publisher":"https:\/\/www.facebook.com\/pages\/category\/Bed-and-Breakfast\/LEstive-du-Claux-100901485023600\/","article_modified_time":"2026-03-11T13:46:59+00:00","og_image":[{"width":2560,"height":2293,"url":"https:\/\/lestiveduclaux.fr\/wp-content\/uploads\/2024\/07\/du-peyre-arse-scaled.jpg","type":"image\/jpeg"}],"twitter_card":"summary_large_image","twitter_misc":{"Est. reading time":"3 minutes"},"schema":{"@context":"https:\/\/schema.org","@graph":[{"@type":"WebPage","@id":"https:\/\/lestiveduclaux.fr\/?page_id=15","url":"https:\/\/lestiveduclaux.fr\/?page_id=15","name":"Activit\u00e9s et D\u00e9couvertes - L&#039;Estive du Claux","isPartOf":{"@id":"https:\/\/lestiveduclaux.fr\/#website"},"primaryImageOfPage":{"@id":"https:\/\/lestiveduclaux.fr\/?page_id=15#primaryimage"},"image":{"@id":"https:\/\/lestiveduclaux.fr\/?page_id=15#primaryimage"},"thumbnailUrl":"http:\/\/lestiveduclaux.fr\/wp-content\/uploads\/2024\/07\/du-peyre-arse-1024x917.jpg","datePublished":"2020-07-20T16:52:31+00:00","dateModified":"2026-03-11T13:46:59+00:00","description":"Chambre et table d'h\u00f4te au pied du Puy Mary dans le cantal, pour pratiquer randonn\u00e9es, VTT, parapente. D\u00e9couvrir notre terroire, gatronomie, patrimoine","breadcrumb":{"@id":"https:\/\/lestiveduclaux.fr\/?page_id=15#breadcrumb"},"inLanguage":"en-US","potentialAction":[{"@type":"ReadAction","target":["https:\/\/lestiveduclaux.fr\/?page_id=15"]}]},{"@type":"ImageObject","inLanguage":"en-US","@id":"https:\/\/lestiveduclaux.fr\/?page_id=15#primaryimage","url":"https:\/\/lestiveduclaux.fr\/wp-content\/uploads\/2024\/07\/du-peyre-arse-scaled.jpg","contentUrl":"https:\/\/lestiveduclaux.fr\/wp-content\/uploads\/2024\/07\/du-peyre-arse-scaled.jpg","width":2560,"height":2293},{"@type":"BreadcrumbList","@id":"https:\/\/lestiveduclaux.fr\/?page_id=15#breadcrumb","itemListElement":[{"@type":"ListItem","position":1,"name":"Accueil","item":"https:\/\/lestiveduclaux.fr\/"},{"@type":"ListItem","position":2,"name":"Activit\u00e9s et D\u00e9couvertes"}]},{"@type":"WebSite","@id":"https:\/\/lestiveduclaux.fr\/#website","url":"https:\/\/lestiveduclaux.fr\/","name":"Estive du Claux","description":"","potentialAction":[{"@type":"SearchAction","target":{"@type":"EntryPoint","urlTemplate":"https:\/\/lestiveduclaux.fr\/?s={search_term_string}"},"query-input":{"@type":"PropertyValueSpecification","valueRequired":true,"valueName":"search_term_string"}}],"inLanguage":"en-US"}]}},"_links":{"self":[{"href":"https:\/\/lestiveduclaux.fr\/index.php?rest_route=\/wp\/v2\/pages\/15","targetHints":{"allow":["GET"]}}],"collection":[{"href":"https:\/\/lestiveduclaux.fr\/index.php?rest_route=\/wp\/v2\/pages"}],"about":[{"href":"https:\/\/lestiveduclaux.fr\/index.php?rest_route=\/wp\/v2\/types\/page"}],"author":[{"embeddable":true,"href":"https:\/\/lestiveduclaux.fr\/index.php?rest_route=\/wp\/v2\/users\/1"}],"replies":[{"embeddable":true,"href":"https:\/\/lestiveduclaux.fr\/index.php?rest_route=%2Fwp%2Fv2%2Fcomments&post=15"}],"version-history":[{"count":21,"href":"https:\/\/lestiveduclaux.fr\/index.php?rest_route=\/wp\/v2\/pages\/15\/revisions"}],"predecessor-version":[{"id":1093,"href":"https:\/\/lestiveduclaux.fr\/index.php?rest_route=\/wp\/v2\/pages\/15\/revisions\/1093"}],"wp:attachment":[{"href":"https:\/\/lestiveduclaux.fr\/index.php?rest_route=%2Fwp%2Fv2%2Fmedia&parent=15"}],"curies":[{"name":"wp","href":"https:\/\/api.w.org\/{rel}","templated":true}]}}