{"id":327,"date":"2021-02-19T16:35:05","date_gmt":"2021-02-19T15:35:05","guid":{"rendered":"http:\/\/lestiveduclaux.fr\/?page_id=327"},"modified":"2026-02-10T17:13:00","modified_gmt":"2026-02-10T16:13:00","slug":"tarifs-chambre-dhotes","status":"publish","type":"page","link":"https:\/\/lestiveduclaux.fr\/?page_id=327","title":{"rendered":"Restauration"},"content":{"rendered":"\n<h3 class=\"wp-block-heading has-text-align-center\">Restauration<\/h3>\n\n\n\n<h4 class=\"wp-block-heading\">Rachel vous mijote tous les soirs un d\u00eener aux saveurs locales, aliment\u00e9 le plus souvent possible par les l\u00e9gumes de son potager BIO et par les produits des producteurs de proximit\u00e9.<\/h4>\n\n\n\n<h2 class=\"wp-block-heading\"><\/h2>\n\n\n\n<hr class=\"wp-block-separator has-alpha-channel-opacity\"\/>\n\n\n\n<h2 class=\"wp-block-heading\"><\/h2>\n\n\n\n<h2 class=\"wp-block-heading\"><\/h2>\n\n\n\n<div class=\"wp-block-columns is-layout-flex wp-container-core-columns-is-layout-9d6595d7 wp-block-columns-is-layout-flex\">\n<div class=\"wp-block-column is-layout-flow wp-block-column-is-layout-flow\"><\/div>\n\n\n\n<div class=\"wp-block-column is-layout-flow wp-block-column-is-layout-flow\"><\/div>\n\n\n\n<div class=\"wp-block-column is-layout-flow wp-block-column-is-layout-flow\"><\/div>\n<\/div>\n\n\n\n<div class=\"wp-block-group\"><div class=\"wp-block-group__inner-container is-layout-flow wp-block-group-is-layout-flow\">\n<div class=\"wp-block-group\"><div class=\"wp-block-group__inner-container is-layout-flow wp-block-group-is-layout-flow\">\n<div class=\"wp-block-columns is-layout-flex wp-container-core-columns-is-layout-9d6595d7 wp-block-columns-is-layout-flex\">\n<div class=\"wp-block-column is-layout-flow wp-block-column-is-layout-flow\"><\/div>\n\n\n\n<div class=\"wp-block-column is-layout-flow wp-block-column-is-layout-flow\"><\/div>\n<\/div>\n<\/div><\/div>\n<\/div><\/div>\n\n\n\n<div class=\"wp-block-columns is-layout-flex wp-container-core-columns-is-layout-9d6595d7 wp-block-columns-is-layout-flex\">\n<div class=\"wp-block-column is-layout-flow wp-block-column-is-layout-flow\">\n<figure class=\"wp-block-image size-full is-resized\"><img loading=\"lazy\" decoding=\"async\" width=\"405\" height=\"215\" src=\"http:\/\/lestiveduclaux.fr\/wp-content\/uploads\/2020\/07\/tablhote-e1595320408209.png\" alt=\"\" class=\"wp-image-227\" style=\"width:293px;height:auto\"\/><\/figure>\n<\/div>\n\n\n\n<div class=\"wp-block-column is-layout-flow wp-block-column-is-layout-flow\">\n<p><strong>Tous les soirs<\/strong>, <strong>sur r\u00e9servation<\/strong><br>Entr\u00e9e &#8211; Plat &#8211; Fromage &#8211; Dessert &#8211; Caf\u00e9 ou infusion (vin non compris) &#8211; <strong>tarifs 2026<\/strong><\/p>\n\n\n\n<ul class=\"wp-block-list\">\n<li>24\u20ac\/ personne (adulte et enfant \u00e0 partir de 16 ans)<\/li>\n\n\n\n<li>17\u20ac\/ ados (enfant de 11 \u00e0 15 ans)<\/li>\n\n\n\n<li>12\u20ac\/ enfant (enfant de 4 \u00e0 10 ans)<\/li>\n<\/ul>\n\n\n\n<p><strong>Nouveaut\u00e9 depuis 2025<\/strong>: <em><strong>uniquement \u00e0 partir de 3 nuit\u00e9es cons\u00e9cutives<\/strong><\/em>, possibilit\u00e9 de &#8220;d\u00eener all\u00e9g\u00e9&#8221; 17 \u20ac (entr\u00e9e + plat) ou (plat + dessert). A pr\u00e9ciser au moment de la r\u00e9servation.<\/p>\n\n\n\n<ul class=\"wp-block-list\">\n<li><em>Demi-pension = d\u00eener + nuit\u00e9e + petit-d\u00e9jeuner<\/em><\/li>\n<\/ul>\n<\/div>\n<\/div>\n\n\n\n<h2 class=\"wp-block-heading\"><\/h2>\n\n\n\n<h2 class=\"wp-block-heading\"><\/h2>\n\n\n\n<hr class=\"wp-block-separator has-alpha-channel-opacity\"\/>\n\n\n\n<h2 class=\"wp-block-heading\"><\/h2>\n\n\n\n<h2 class=\"wp-block-heading\"><\/h2>\n\n\n\n<div class=\"wp-block-columns is-layout-flex wp-container-core-columns-is-layout-9d6595d7 wp-block-columns-is-layout-flex\">\n<div class=\"wp-block-column is-layout-flow wp-block-column-is-layout-flow\">\n<figure class=\"wp-block-image size-full is-resized\"><img loading=\"lazy\" decoding=\"async\" width=\"468\" height=\"221\" src=\"http:\/\/lestiveduclaux.fr\/wp-content\/uploads\/2020\/07\/pitdej.png\" alt=\"\" class=\"wp-image-225\" style=\"aspect-ratio:2.117646985008044;width:309px;height:auto\" srcset=\"https:\/\/lestiveduclaux.fr\/wp-content\/uploads\/2020\/07\/pitdej.png 468w, https:\/\/lestiveduclaux.fr\/wp-content\/uploads\/2020\/07\/pitdej-300x142.png 300w\" sizes=\"auto, (max-width: 468px) 100vw, 468px\" \/><\/figure>\n<\/div>\n\n\n\n<div class=\"wp-block-column is-layout-flow wp-block-column-is-layout-flow\">\n<p>Boisson chaude de votre choix (caf\u00e9, th\u00e9 ou tisane BIO, lait&#8230;) &#8211; Jus de fruits pur jus <\/p>\n\n\n\n<p>Pains de la boulangerie de la Vall\u00e9e &#8211; C\u00e9r\u00e9ales<\/p>\n\n\n\n<p>Confitures maison &#8211; Miel de pays <\/p>\n\n\n\n<p>Douceur maison- Salade de fruits frais<\/p>\n\n\n\n<p>Yaourt maison ou fromage<\/p>\n<\/div>\n<\/div>\n\n\n\n<h2 class=\"wp-block-heading\"><\/h2>\n\n\n\n<h2 class=\"wp-block-heading\"><\/h2>\n\n\n\n<hr class=\"wp-block-separator has-alpha-channel-opacity\"\/>\n\n\n\n<h2 class=\"wp-block-heading\"><\/h2>\n\n\n\n<h2 class=\"wp-block-heading\"><\/h2>\n\n\n\n<div class=\"wp-block-columns is-layout-flex wp-container-core-columns-is-layout-9d6595d7 wp-block-columns-is-layout-flex\">\n<div class=\"wp-block-column is-layout-flow wp-block-column-is-layout-flow\">\n<figure class=\"wp-block-image size-full is-resized\"><img loading=\"lazy\" decoding=\"async\" width=\"377\" height=\"218\" src=\"http:\/\/lestiveduclaux.fr\/wp-content\/uploads\/2020\/07\/piqnique.png\" alt=\"\" class=\"wp-image-224\" style=\"width:253px;height:auto\" srcset=\"https:\/\/lestiveduclaux.fr\/wp-content\/uploads\/2020\/07\/piqnique.png 377w, https:\/\/lestiveduclaux.fr\/wp-content\/uploads\/2020\/07\/piqnique-300x173.png 300w\" sizes=\"auto, (max-width: 377px) 100vw, 377px\" \/><\/figure>\n<\/div>\n\n\n\n<div class=\"wp-block-column is-layout-flow wp-block-column-is-layout-flow\">\n<p><strong>Tous les jours, sur r\u00e9servation<\/strong>, Rachel vous propose son casse-cro\u00fbte, partenaire id\u00e9al de vos journ\u00e9es en pleine nature:<br>Salade maison c\u00e9r\u00e9ales\/l\u00e9gumes &#8211; Petit Sandwich charcuterie &#8211; Petit Sandwich fromage &#8211; Douceur &#8211; Fruit<\/p>\n\n\n\n<ul class=\"wp-block-list\">\n<li>10\u20ac\/ personne (prix unique)<\/li>\n<\/ul>\n<\/div>\n<\/div>\n","protected":false},"excerpt":{"rendered":"<p>Restauration Rachel vous mijote tous les soirs un d\u00eener aux saveurs locales, aliment\u00e9 le plus souvent possible par les l\u00e9gumes de son potager BIO et par les produits des producteurs de proximit\u00e9. Tous les soirs, sur r\u00e9servationEntr\u00e9e &#8211; Plat &#8211; Fromage &#8211; Dessert &#8211; Caf\u00e9 ou infusion (vin non compris) &#8211; tarifs 2026 Nouveaut\u00e9 depuis&hellip; <br \/> <a class=\"button small blue\" href=\"https:\/\/lestiveduclaux.fr\/?page_id=327\">Read more<\/a><\/p>\n","protected":false},"author":1,"featured_media":0,"parent":0,"menu_order":0,"comment_status":"closed","ping_status":"closed","template":"","meta":{"footnotes":""},"class_list":["post-327","page","type-page","status-publish","hentry"],"yoast_head":"<!-- This site is optimized with the Yoast SEO plugin v23.9 - https:\/\/yoast.com\/wordpress\/plugins\/seo\/ -->\n<title>Restauration - L&#039;Estive du Claux<\/title>\n<meta name=\"robots\" content=\"index, follow, max-snippet:-1, max-image-preview:large, max-video-preview:-1\" \/>\n<link rel=\"canonical\" href=\"https:\/\/lestiveduclaux.fr\/?page_id=327\" \/>\n<meta property=\"og:locale\" content=\"en_US\" \/>\n<meta property=\"og:type\" content=\"article\" \/>\n<meta property=\"og:title\" content=\"Restauration - L&#039;Estive du Claux\" \/>\n<meta property=\"og:description\" content=\"Restauration Rachel vous mijote tous les soirs un d\u00eener aux saveurs locales, aliment\u00e9 le plus souvent possible par les l\u00e9gumes de son potager BIO et par les produits des producteurs de proximit\u00e9. Tous les soirs, sur r\u00e9servationEntr\u00e9e &#8211; Plat &#8211; Fromage &#8211; Dessert &#8211; Caf\u00e9 ou infusion (vin non compris) &#8211; tarifs 2026 Nouveaut\u00e9 depuis&hellip; Read more\" \/>\n<meta property=\"og:url\" content=\"https:\/\/lestiveduclaux.fr\/?page_id=327\" \/>\n<meta property=\"og:site_name\" content=\"L&#039;Estive du Claux\" \/>\n<meta property=\"article:publisher\" content=\"https:\/\/www.facebook.com\/pages\/category\/Bed-and-Breakfast\/LEstive-du-Claux-100901485023600\/\" \/>\n<meta property=\"article:modified_time\" content=\"2026-02-10T16:13:00+00:00\" \/>\n<meta property=\"og:image\" content=\"https:\/\/lestiveduclaux.fr\/wp-content\/uploads\/2020\/07\/tablhote-e1595320408209.png\" \/>\n\t<meta property=\"og:image:width\" content=\"405\" \/>\n\t<meta property=\"og:image:height\" content=\"215\" \/>\n\t<meta property=\"og:image:type\" content=\"image\/png\" \/>\n<meta name=\"twitter:card\" content=\"summary_large_image\" \/>\n<meta name=\"twitter:label1\" content=\"Est. reading time\" \/>\n\t<meta name=\"twitter:data1\" content=\"2 minutes\" \/>\n<script type=\"application\/ld+json\" class=\"yoast-schema-graph\">{\"@context\":\"https:\/\/schema.org\",\"@graph\":[{\"@type\":\"WebPage\",\"@id\":\"https:\/\/lestiveduclaux.fr\/?page_id=327\",\"url\":\"https:\/\/lestiveduclaux.fr\/?page_id=327\",\"name\":\"Restauration - L&#039;Estive du Claux\",\"isPartOf\":{\"@id\":\"https:\/\/lestiveduclaux.fr\/#website\"},\"primaryImageOfPage\":{\"@id\":\"https:\/\/lestiveduclaux.fr\/?page_id=327#primaryimage\"},\"image\":{\"@id\":\"https:\/\/lestiveduclaux.fr\/?page_id=327#primaryimage\"},\"thumbnailUrl\":\"http:\/\/lestiveduclaux.fr\/wp-content\/uploads\/2020\/07\/tablhote-e1595320408209.png\",\"datePublished\":\"2021-02-19T15:35:05+00:00\",\"dateModified\":\"2026-02-10T16:13:00+00:00\",\"breadcrumb\":{\"@id\":\"https:\/\/lestiveduclaux.fr\/?page_id=327#breadcrumb\"},\"inLanguage\":\"en-US\",\"potentialAction\":[{\"@type\":\"ReadAction\",\"target\":[\"https:\/\/lestiveduclaux.fr\/?page_id=327\"]}]},{\"@type\":\"ImageObject\",\"inLanguage\":\"en-US\",\"@id\":\"https:\/\/lestiveduclaux.fr\/?page_id=327#primaryimage\",\"url\":\"http:\/\/lestiveduclaux.fr\/wp-content\/uploads\/2020\/07\/tablhote-e1595320408209.png\",\"contentUrl\":\"http:\/\/lestiveduclaux.fr\/wp-content\/uploads\/2020\/07\/tablhote-e1595320408209.png\"},{\"@type\":\"BreadcrumbList\",\"@id\":\"https:\/\/lestiveduclaux.fr\/?page_id=327#breadcrumb\",\"itemListElement\":[{\"@type\":\"ListItem\",\"position\":1,\"name\":\"Accueil\",\"item\":\"https:\/\/lestiveduclaux.fr\/\"},{\"@type\":\"ListItem\",\"position\":2,\"name\":\"Restauration\"}]},{\"@type\":\"WebSite\",\"@id\":\"https:\/\/lestiveduclaux.fr\/#website\",\"url\":\"https:\/\/lestiveduclaux.fr\/\",\"name\":\"Estive du Claux\",\"description\":\"\",\"potentialAction\":[{\"@type\":\"SearchAction\",\"target\":{\"@type\":\"EntryPoint\",\"urlTemplate\":\"https:\/\/lestiveduclaux.fr\/?s={search_term_string}\"},\"query-input\":{\"@type\":\"PropertyValueSpecification\",\"valueRequired\":true,\"valueName\":\"search_term_string\"}}],\"inLanguage\":\"en-US\"}]}<\/script>\n<!-- \/ Yoast SEO plugin. -->","yoast_head_json":{"title":"Restauration - L&#039;Estive du Claux","robots":{"index":"index","follow":"follow","max-snippet":"max-snippet:-1","max-image-preview":"max-image-preview:large","max-video-preview":"max-video-preview:-1"},"canonical":"https:\/\/lestiveduclaux.fr\/?page_id=327","og_locale":"en_US","og_type":"article","og_title":"Restauration - L&#039;Estive du Claux","og_description":"Restauration Rachel vous mijote tous les soirs un d\u00eener aux saveurs locales, aliment\u00e9 le plus souvent possible par les l\u00e9gumes de son potager BIO et par les produits des producteurs de proximit\u00e9. Tous les soirs, sur r\u00e9servationEntr\u00e9e &#8211; Plat &#8211; Fromage &#8211; Dessert &#8211; Caf\u00e9 ou infusion (vin non compris) &#8211; tarifs 2026 Nouveaut\u00e9 depuis&hellip; Read more","og_url":"https:\/\/lestiveduclaux.fr\/?page_id=327","og_site_name":"L&#039;Estive du Claux","article_publisher":"https:\/\/www.facebook.com\/pages\/category\/Bed-and-Breakfast\/LEstive-du-Claux-100901485023600\/","article_modified_time":"2026-02-10T16:13:00+00:00","og_image":[{"width":405,"height":215,"url":"https:\/\/lestiveduclaux.fr\/wp-content\/uploads\/2020\/07\/tablhote-e1595320408209.png","type":"image\/png"}],"twitter_card":"summary_large_image","twitter_misc":{"Est. reading time":"2 minutes"},"schema":{"@context":"https:\/\/schema.org","@graph":[{"@type":"WebPage","@id":"https:\/\/lestiveduclaux.fr\/?page_id=327","url":"https:\/\/lestiveduclaux.fr\/?page_id=327","name":"Restauration - L&#039;Estive du Claux","isPartOf":{"@id":"https:\/\/lestiveduclaux.fr\/#website"},"primaryImageOfPage":{"@id":"https:\/\/lestiveduclaux.fr\/?page_id=327#primaryimage"},"image":{"@id":"https:\/\/lestiveduclaux.fr\/?page_id=327#primaryimage"},"thumbnailUrl":"http:\/\/lestiveduclaux.fr\/wp-content\/uploads\/2020\/07\/tablhote-e1595320408209.png","datePublished":"2021-02-19T15:35:05+00:00","dateModified":"2026-02-10T16:13:00+00:00","breadcrumb":{"@id":"https:\/\/lestiveduclaux.fr\/?page_id=327#breadcrumb"},"inLanguage":"en-US","potentialAction":[{"@type":"ReadAction","target":["https:\/\/lestiveduclaux.fr\/?page_id=327"]}]},{"@type":"ImageObject","inLanguage":"en-US","@id":"https:\/\/lestiveduclaux.fr\/?page_id=327#primaryimage","url":"http:\/\/lestiveduclaux.fr\/wp-content\/uploads\/2020\/07\/tablhote-e1595320408209.png","contentUrl":"http:\/\/lestiveduclaux.fr\/wp-content\/uploads\/2020\/07\/tablhote-e1595320408209.png"},{"@type":"BreadcrumbList","@id":"https:\/\/lestiveduclaux.fr\/?page_id=327#breadcrumb","itemListElement":[{"@type":"ListItem","position":1,"name":"Accueil","item":"https:\/\/lestiveduclaux.fr\/"},{"@type":"ListItem","position":2,"name":"Restauration"}]},{"@type":"WebSite","@id":"https:\/\/lestiveduclaux.fr\/#website","url":"https:\/\/lestiveduclaux.fr\/","name":"Estive du Claux","description":"","potentialAction":[{"@type":"SearchAction","target":{"@type":"EntryPoint","urlTemplate":"https:\/\/lestiveduclaux.fr\/?s={search_term_string}"},"query-input":{"@type":"PropertyValueSpecification","valueRequired":true,"valueName":"search_term_string"}}],"inLanguage":"en-US"}]}},"_links":{"self":[{"href":"https:\/\/lestiveduclaux.fr\/index.php?rest_route=\/wp\/v2\/pages\/327","targetHints":{"allow":["GET"]}}],"collection":[{"href":"https:\/\/lestiveduclaux.fr\/index.php?rest_route=\/wp\/v2\/pages"}],"about":[{"href":"https:\/\/lestiveduclaux.fr\/index.php?rest_route=\/wp\/v2\/types\/page"}],"author":[{"embeddable":true,"href":"https:\/\/lestiveduclaux.fr\/index.php?rest_route=\/wp\/v2\/users\/1"}],"replies":[{"embeddable":true,"href":"https:\/\/lestiveduclaux.fr\/index.php?rest_route=%2Fwp%2Fv2%2Fcomments&post=327"}],"version-history":[{"count":61,"href":"https:\/\/lestiveduclaux.fr\/index.php?rest_route=\/wp\/v2\/pages\/327\/revisions"}],"predecessor-version":[{"id":1089,"href":"https:\/\/lestiveduclaux.fr\/index.php?rest_route=\/wp\/v2\/pages\/327\/revisions\/1089"}],"wp:attachment":[{"href":"https:\/\/lestiveduclaux.fr\/index.php?rest_route=%2Fwp%2Fv2%2Fmedia&parent=327"}],"curies":[{"name":"wp","href":"https:\/\/api.w.org\/{rel}","templated":true}]}}