{"id":364,"date":"2021-02-28T17:23:38","date_gmt":"2021-02-28T16:23:38","guid":{"rendered":"http:\/\/lestiveduclaux.fr\/?page_id=364"},"modified":"2026-02-10T17:10:20","modified_gmt":"2026-02-10T16:10:20","slug":"tarifs-chambre-dhotes-2","status":"publish","type":"page","link":"https:\/\/lestiveduclaux.fr\/?page_id=364","title":{"rendered":"Tarifs chambres d&#8217;h\u00f4tes et g\u00eete"},"content":{"rendered":"\n<div class=\"wp-block-columns is-layout-flex wp-container-core-columns-is-layout-9d6595d7 wp-block-columns-is-layout-flex\">\n<div class=\"wp-block-column is-layout-flow wp-block-column-is-layout-flow\">\n<h1 style=\"text-align: left;\"><strong><span style=\"color: #003366;\">Tarifs 2026 chambres d&#8217;h\u00f4tes<\/span><\/strong><\/h1>\n<hr \/>\n<h2><span style=\"color: #000080;\">Chambres doubles :<\/span><\/h2>\n<h2><span style=\"color: #008000;\">&#8220;Ic\u00f4ne acajou&#8221; et &#8220;Sentier des Quiroux&#8221;<\/span><\/h2>\n<hr \/>\n<h4>Tarif pour <span style=\"color: #ff0000;\">1 personne:<\/span><\/h4>\n<h4 style=\"padding-left: 80px;\"><em>1 lit double 160<\/em><\/h4>\n<p>75\u20ac\/nuit, petit d\u00e9jeuner compris. Taxe de s\u00e9jour en suppl\u00e9ment.<\/p>\n<p>A partir de 2 nuits cons\u00e9cutives, 72\u20ac\/nuit; une semaine, 480 \u20ac, petits d\u00e9jeuners compris.<\/p>\n<h4>Tarif pour <span style=\"color: #ff0000;\">2 personnes:<\/span><\/h4>\n<h4 style=\"padding-left: 80px;\">1 <em>lit double 160<\/em><\/h4>\n<p>96\u20ac\/nuit, petits d\u00e9jeuners compris. Taxe de s\u00e9jour en suppl\u00e9ment.<\/p>\n<p>A partir de 2 nuits cons\u00e9cutives, 90\u20ac\/nuit; une semaine, 600 \u20ac, petits d\u00e9jeuners compris.<\/p>\n<h5><em><strong>Attention pour la r\u00e9servation des demi-pensions (d\u00eener + nuit\u00e9e + petit d\u00e9jeuner), le tarif s&#8217;entend par personne.<\/strong><\/em><\/h5>\n<p>\u00a0<\/p>\n<h2 style=\"text-align: left;\"><span style=\"color: #000080;\">Chambres triples :<\/span><\/h2>\n<h2 style=\"text-align: left;\"><span style=\"color: #008000;\">&#8220;Echapp\u00e9es vertes&#8221; et &#8220;Tonnerre du Limon&#8221;<\/span><\/h2>\n<hr \/>\n<h4>Tarif pour <span style=\"color: #ff0000;\">2 personnes<em>:<\/em><\/span><\/h4>\n<h4 style=\"padding-left: 80px;\"><em>1 lit double 160<\/em><\/h4>\n<h4 style=\"padding-left: 80px;\">ou<em> 2 lits simples<\/em>\u00a0<\/h4>\n<p>104 \u20ac\/nuit, petits d\u00e9jeuners compris. Taxe de s\u00e9jour en suppl\u00e9ment.<\/p>\n<p>A partir de 2 nuits cons\u00e9cutives, 98\u20ac\/nuit;\u00a0 une semaine, petits d\u00e9jeuners compris, 650 \u20ac.<\/p>\n<h4>Tarif pour <span style=\"color: #ff0000;\">3 personnes<\/span> :<\/h4>\n<h4 style=\"padding-left: 80px;\"><em>1 lit double 160 + 1 lit simple 90<\/em><\/h4>\n<h4 style=\"padding-left: 80px;\"><em>ou 3 lits simples<\/em>\u00a0<\/h4>\n<p>135\u20ac\/nuit, petits d\u00e9jeuners compris. Taxe de s\u00e9jour en suppl\u00e9ment.<\/p>\n<p>A partir de 2 nuits cons\u00e9cutives, 126\u20ac\/nuit; une semaine, petits d\u00e9jeuners compris, 840\u20ac.<\/p>\n<h5><em><strong>Attention pour la r\u00e9servation des demi-pensions (d\u00eener + nuit\u00e9e + petit d\u00e9jeuner), le tarif s&#8217;entend par personne.<\/strong><\/em><\/h5>\n<\/div>\n<\/div>\n\n\n\n<p><\/p>\n\n\n\n<div class=\"wp-block-columns is-layout-flex wp-container-core-columns-is-layout-9d6595d7 wp-block-columns-is-layout-flex\">\n<div class=\"wp-block-column is-layout-flow wp-block-column-is-layout-flow\">\n<h2><span style=\"color: #000080;\">Grande chambre mansard\u00e9e<\/span><\/h2>\n<h2><span style=\"color: #008000;\">Chambre &#8220;d&#8221;En Haut&#8221;<\/span><\/h2>\n<h4>Tarif pour <span style=\"color: #ff0000;\">3 personnes:<\/span><\/h4>\n<h4 style=\"padding-left: 80px;\"><em>1 lit double 180 + 1 lit simple 90<\/em><\/h4>\n<h4 style=\"padding-left: 80px;\">ou<em> 3 lits simples<\/em><\/h4>\n<p>150 \u20ac\/nuit, petits d\u00e9jeuners compris. Taxe de s\u00e9jour en suppl\u00e9ment.<\/p>\n<p>A partir de 2 nuits cons\u00e9cutives, 141\u20ac\/nuit;\u00a0 une semaine, petits d\u00e9jeuners compris, 940 \u20ac.<\/p>\n<h4>Tarif pour <span style=\"color: #ff0000;\">4 personnes:<\/span><\/h4>\n<h4 style=\"padding-left: 80px;\"><em>2 lits doubles 180<\/em><\/h4>\n<h4 style=\"padding-left: 80px;\"><em>ou 1 lit double 180 + 2 lits simples<\/em> 90<\/h4>\n<h4 style=\"padding-left: 80px;\"><em>ou 4 lits simples 90<\/em><\/h4>\n<p>180\u20ac\/nuit, petits d\u00e9jeuners compris. Taxe de s\u00e9jour en suppl\u00e9ment.<\/p>\n<p>A partir de 2 nuits cons\u00e9cutives, 168\u20ac\/nuit; une semaine, petits d\u00e9jeuners compris, 1100\u20ac.<\/p>\n<h4>Tarif pour <span style=\"color: #ff0000;\">5 personnes:<\/span><\/h4>\n<h4 style=\"padding-left: 80px;\"><em>2 lits doubles 180 + 1 lit simple 90<\/em><\/h4>\n<h4 style=\"padding-left: 80px;\"><em>1 lit double 180 + 4 lits simples 90<\/em>\u00a0<\/h4>\n<h4 style=\"padding-left: 80px;\"><em>5 lits simples 90<\/em><\/h4>\n<p>210 \u20ac\/nuit, petits d\u00e9jeuners compris. Taxe de s\u00e9jour en suppl\u00e9ment.<\/p>\n<p>A partir de 2 nuits cons\u00e9cutives, 195 \u20ac\/nuit; une semaine, petits d\u00e9jeuners compris, 1300\u20ac.<\/p>\n<h5><em><strong>Attention pour la r\u00e9servation des demi-pensions (d\u00eener + nuit\u00e9e + petit d\u00e9jeuner), le tarif s&#8217;entend par personne.<\/strong><\/em><\/h5>\n<p>\u00a0<\/p>\n<p>\u00a0<\/p>\n<h1><strong><span style=\"color: #003366;\">Tarifs 2026 g\u00eete de l&#8217;Estive<\/span><\/strong><\/h1>\n<hr \/>\n<p><strong><span style=\"color: #008000;\">Location du samedi au samedi<\/span><\/strong> :<\/p>\n<ul>\n<li>510 \u20ac du 11\/07 au 29\/08 (haute saison)<\/li>\n<li>450 \u20ac en basse saison (forfait chauffage 6 \u20ac\/nuit en suppl\u00e9ment du 01\/11 au 15\/04)<\/li>\n<li>Forfait 3 semaines: 1280 \u20ac en basse saison; 1450 \u20ac haute saison<\/li>\n<\/ul>\n<p><strong><span style=\"color: #008000;\">Week-ends et courts s\u00e9jours 2 nuits minimum (hors p\u00e9riode estivale et vacances scolaires)<\/span><\/strong><\/p>\n<p style=\"padding-left: 40px;\"><strong>3 nuits mini week-ends du 08 Mai, de l&#8217;Ascension et de Pentec\u00f4te.<\/strong><\/p>\n<p>190 \u20ac les 2 nuits; 270 \u20ac 3 nuits; 340 \u20ac 4 nuits; 400 \u20ac 5 nuits<\/p>\n<p style=\"padding-left: 40px;\">Draps et linge de maison fournis. Taxe de s\u00e9jour en suppl\u00e9ment.<\/p>\n<\/div>\n<\/div>\n","protected":false},"excerpt":{"rendered":"<p>Tarifs 2026 chambres d&#8217;h\u00f4tes Chambres doubles : &#8220;Ic\u00f4ne acajou&#8221; et &#8220;Sentier des Quiroux&#8221; Tarif pour 1 personne: 1 lit double 160 75\u20ac\/nuit, petit d\u00e9jeuner compris. Taxe de s\u00e9jour en suppl\u00e9ment. A partir de 2 nuits cons\u00e9cutives, 72\u20ac\/nuit; une semaine, 480 \u20ac, petits d\u00e9jeuners compris. Tarif pour 2 personnes: 1 lit double 160 96\u20ac\/nuit, petits d\u00e9jeuners&hellip; <br \/> <a class=\"button small blue\" href=\"https:\/\/lestiveduclaux.fr\/?page_id=364\">Read more<\/a><\/p>\n","protected":false},"author":1,"featured_media":0,"parent":0,"menu_order":0,"comment_status":"closed","ping_status":"closed","template":"","meta":{"footnotes":""},"class_list":["post-364","page","type-page","status-publish","hentry"],"yoast_head":"<!-- This site is optimized with the Yoast SEO plugin v23.9 - https:\/\/yoast.com\/wordpress\/plugins\/seo\/ -->\n<title>Tarifs chambres d&#039;h\u00f4tes et g\u00eete - L&#039;Estive du Claux<\/title>\n<meta name=\"robots\" content=\"index, follow, max-snippet:-1, max-image-preview:large, max-video-preview:-1\" \/>\n<link rel=\"canonical\" href=\"https:\/\/lestiveduclaux.fr\/?page_id=364\" \/>\n<meta property=\"og:locale\" content=\"en_US\" \/>\n<meta property=\"og:type\" content=\"article\" \/>\n<meta property=\"og:title\" content=\"Tarifs chambres d&#039;h\u00f4tes et g\u00eete - L&#039;Estive du Claux\" \/>\n<meta property=\"og:description\" content=\"Tarifs 2026 chambres d&#8217;h\u00f4tes Chambres doubles : &#8220;Ic\u00f4ne acajou&#8221; et &#8220;Sentier des Quiroux&#8221; Tarif pour 1 personne: 1 lit double 160 75\u20ac\/nuit, petit d\u00e9jeuner compris. Taxe de s\u00e9jour en suppl\u00e9ment. A partir de 2 nuits cons\u00e9cutives, 72\u20ac\/nuit; une semaine, 480 \u20ac, petits d\u00e9jeuners compris. Tarif pour 2 personnes: 1 lit double 160 96\u20ac\/nuit, petits d\u00e9jeuners&hellip; Read more\" \/>\n<meta property=\"og:url\" content=\"https:\/\/lestiveduclaux.fr\/?page_id=364\" \/>\n<meta property=\"og:site_name\" content=\"L&#039;Estive du Claux\" \/>\n<meta property=\"article:publisher\" content=\"https:\/\/www.facebook.com\/pages\/category\/Bed-and-Breakfast\/LEstive-du-Claux-100901485023600\/\" \/>\n<meta property=\"article:modified_time\" content=\"2026-02-10T16:10:20+00:00\" \/>\n<meta name=\"twitter:card\" content=\"summary_large_image\" \/>\n<meta name=\"twitter:label1\" content=\"Est. reading time\" \/>\n\t<meta name=\"twitter:data1\" content=\"2 minutes\" \/>\n<script type=\"application\/ld+json\" class=\"yoast-schema-graph\">{\"@context\":\"https:\/\/schema.org\",\"@graph\":[{\"@type\":\"WebPage\",\"@id\":\"https:\/\/lestiveduclaux.fr\/?page_id=364\",\"url\":\"https:\/\/lestiveduclaux.fr\/?page_id=364\",\"name\":\"Tarifs chambres d'h\u00f4tes et g\u00eete - L&#039;Estive du Claux\",\"isPartOf\":{\"@id\":\"https:\/\/lestiveduclaux.fr\/#website\"},\"datePublished\":\"2021-02-28T16:23:38+00:00\",\"dateModified\":\"2026-02-10T16:10:20+00:00\",\"breadcrumb\":{\"@id\":\"https:\/\/lestiveduclaux.fr\/?page_id=364#breadcrumb\"},\"inLanguage\":\"en-US\",\"potentialAction\":[{\"@type\":\"ReadAction\",\"target\":[\"https:\/\/lestiveduclaux.fr\/?page_id=364\"]}]},{\"@type\":\"BreadcrumbList\",\"@id\":\"https:\/\/lestiveduclaux.fr\/?page_id=364#breadcrumb\",\"itemListElement\":[{\"@type\":\"ListItem\",\"position\":1,\"name\":\"Accueil\",\"item\":\"https:\/\/lestiveduclaux.fr\/\"},{\"@type\":\"ListItem\",\"position\":2,\"name\":\"Tarifs chambres d&rsquo;h\u00f4tes et g\u00eete\"}]},{\"@type\":\"WebSite\",\"@id\":\"https:\/\/lestiveduclaux.fr\/#website\",\"url\":\"https:\/\/lestiveduclaux.fr\/\",\"name\":\"Estive du Claux\",\"description\":\"\",\"potentialAction\":[{\"@type\":\"SearchAction\",\"target\":{\"@type\":\"EntryPoint\",\"urlTemplate\":\"https:\/\/lestiveduclaux.fr\/?s={search_term_string}\"},\"query-input\":{\"@type\":\"PropertyValueSpecification\",\"valueRequired\":true,\"valueName\":\"search_term_string\"}}],\"inLanguage\":\"en-US\"}]}<\/script>\n<!-- \/ Yoast SEO plugin. -->","yoast_head_json":{"title":"Tarifs chambres d'h\u00f4tes et g\u00eete - L&#039;Estive du Claux","robots":{"index":"index","follow":"follow","max-snippet":"max-snippet:-1","max-image-preview":"max-image-preview:large","max-video-preview":"max-video-preview:-1"},"canonical":"https:\/\/lestiveduclaux.fr\/?page_id=364","og_locale":"en_US","og_type":"article","og_title":"Tarifs chambres d'h\u00f4tes et g\u00eete - L&#039;Estive du Claux","og_description":"Tarifs 2026 chambres d&#8217;h\u00f4tes Chambres doubles : &#8220;Ic\u00f4ne acajou&#8221; et &#8220;Sentier des Quiroux&#8221; Tarif pour 1 personne: 1 lit double 160 75\u20ac\/nuit, petit d\u00e9jeuner compris. Taxe de s\u00e9jour en suppl\u00e9ment. A partir de 2 nuits cons\u00e9cutives, 72\u20ac\/nuit; une semaine, 480 \u20ac, petits d\u00e9jeuners compris. Tarif pour 2 personnes: 1 lit double 160 96\u20ac\/nuit, petits d\u00e9jeuners&hellip; Read more","og_url":"https:\/\/lestiveduclaux.fr\/?page_id=364","og_site_name":"L&#039;Estive du Claux","article_publisher":"https:\/\/www.facebook.com\/pages\/category\/Bed-and-Breakfast\/LEstive-du-Claux-100901485023600\/","article_modified_time":"2026-02-10T16:10:20+00:00","twitter_card":"summary_large_image","twitter_misc":{"Est. reading time":"2 minutes"},"schema":{"@context":"https:\/\/schema.org","@graph":[{"@type":"WebPage","@id":"https:\/\/lestiveduclaux.fr\/?page_id=364","url":"https:\/\/lestiveduclaux.fr\/?page_id=364","name":"Tarifs chambres d'h\u00f4tes et g\u00eete - L&#039;Estive du Claux","isPartOf":{"@id":"https:\/\/lestiveduclaux.fr\/#website"},"datePublished":"2021-02-28T16:23:38+00:00","dateModified":"2026-02-10T16:10:20+00:00","breadcrumb":{"@id":"https:\/\/lestiveduclaux.fr\/?page_id=364#breadcrumb"},"inLanguage":"en-US","potentialAction":[{"@type":"ReadAction","target":["https:\/\/lestiveduclaux.fr\/?page_id=364"]}]},{"@type":"BreadcrumbList","@id":"https:\/\/lestiveduclaux.fr\/?page_id=364#breadcrumb","itemListElement":[{"@type":"ListItem","position":1,"name":"Accueil","item":"https:\/\/lestiveduclaux.fr\/"},{"@type":"ListItem","position":2,"name":"Tarifs chambres d&rsquo;h\u00f4tes et g\u00eete"}]},{"@type":"WebSite","@id":"https:\/\/lestiveduclaux.fr\/#website","url":"https:\/\/lestiveduclaux.fr\/","name":"Estive du Claux","description":"","potentialAction":[{"@type":"SearchAction","target":{"@type":"EntryPoint","urlTemplate":"https:\/\/lestiveduclaux.fr\/?s={search_term_string}"},"query-input":{"@type":"PropertyValueSpecification","valueRequired":true,"valueName":"search_term_string"}}],"inLanguage":"en-US"}]}},"_links":{"self":[{"href":"https:\/\/lestiveduclaux.fr\/index.php?rest_route=\/wp\/v2\/pages\/364","targetHints":{"allow":["GET"]}}],"collection":[{"href":"https:\/\/lestiveduclaux.fr\/index.php?rest_route=\/wp\/v2\/pages"}],"about":[{"href":"https:\/\/lestiveduclaux.fr\/index.php?rest_route=\/wp\/v2\/types\/page"}],"author":[{"embeddable":true,"href":"https:\/\/lestiveduclaux.fr\/index.php?rest_route=\/wp\/v2\/users\/1"}],"replies":[{"embeddable":true,"href":"https:\/\/lestiveduclaux.fr\/index.php?rest_route=%2Fwp%2Fv2%2Fcomments&post=364"}],"version-history":[{"count":48,"href":"https:\/\/lestiveduclaux.fr\/index.php?rest_route=\/wp\/v2\/pages\/364\/revisions"}],"predecessor-version":[{"id":1105,"href":"https:\/\/lestiveduclaux.fr\/index.php?rest_route=\/wp\/v2\/pages\/364\/revisions\/1105"}],"wp:attachment":[{"href":"https:\/\/lestiveduclaux.fr\/index.php?rest_route=%2Fwp%2Fv2%2Fmedia&parent=364"}],"curies":[{"name":"wp","href":"https:\/\/api.w.org\/{rel}","templated":true}]}}