{"id":9,"date":"2020-07-20T18:51:42","date_gmt":"2020-07-20T16:51:42","guid":{"rendered":"http:\/\/lestiveduclaux.fr\/?page_id=9"},"modified":"2026-03-17T09:13:42","modified_gmt":"2026-03-17T08:13:42","slug":"chambres-hotes","status":"publish","type":"page","link":"https:\/\/lestiveduclaux.fr\/?page_id=9","title":{"rendered":"Nos Chambres"},"content":{"rendered":"\n<h2 class=\"wp-block-heading has-text-color\" style=\"color:#22a041\"><mark style=\"background-color:rgba(0, 0, 0, 0)\" class=\"has-inline-color has-black-color\">D\u00e9couvrez nos 5 chambres uniques et confortables.<\/mark><\/h2>\n\n\n\n<p><\/p>\n\n\n\n<div class=\"wp-block-columns is-layout-flex wp-container-core-columns-is-layout-9d6595d7 wp-block-columns-is-layout-flex\">\n<div class=\"wp-block-column is-layout-flow wp-block-column-is-layout-flow\" style=\"flex-basis:66.66%\">\n<figure class=\"wp-block-image size-large\"><img loading=\"lazy\" decoding=\"async\" width=\"1024\" height=\"683\" src=\"http:\/\/lestiveduclaux.fr\/wp-content\/uploads\/2025\/08\/P1090001-1024x683.jpg\" alt=\"\" class=\"wp-image-907\" srcset=\"https:\/\/lestiveduclaux.fr\/wp-content\/uploads\/2025\/08\/P1090001-1024x683.jpg 1024w, https:\/\/lestiveduclaux.fr\/wp-content\/uploads\/2025\/08\/P1090001-300x200.jpg 300w, https:\/\/lestiveduclaux.fr\/wp-content\/uploads\/2025\/08\/P1090001-768x512.jpg 768w, https:\/\/lestiveduclaux.fr\/wp-content\/uploads\/2025\/08\/P1090001-1536x1025.jpg 1536w, https:\/\/lestiveduclaux.fr\/wp-content\/uploads\/2025\/08\/P1090001-2048x1367.jpg 2048w, https:\/\/lestiveduclaux.fr\/wp-content\/uploads\/2025\/08\/P1090001-1619x1080.jpg 1619w\" sizes=\"auto, (max-width: 1024px) 100vw, 1024px\" \/><\/figure>\n<\/div>\n\n\n\n<div class=\"wp-block-column is-layout-flow wp-block-column-is-layout-flow\" style=\"flex-basis:33.33%\">\n<h3 class=\"wp-block-heading has-text-color\" style=\"color:#18831a\">Chambre &#8220;Echapp\u00e9es Vertes&#8221;<\/h3>\n\n\n\n<p><strong>Chambre TRIPLE &#8211; 2 \u00e0 3 pers.<\/strong><\/p>\n\n\n\n<p class=\"has-text-align-left\">Situ\u00e9e au 1er \u00e9tage de notre maison, cette chambre lumineuse fait honneur aux paysages verdoyants des estives du Cantal.<\/p>\n\n\n\n<div class=\"wp-block-group\"><div class=\"wp-block-group__inner-container is-layout-constrained wp-block-group-is-layout-constrained\">\n<p> Elle dispose d&#8217;un lit double (160 cm) et d&#8217;un lit simple (90cm). Possibilit\u00e9 d&#8217;avoir 3 lits simples. Id\u00e9ale entre amis ou en famille.<\/p>\n\n\n\n<p>La literie mi-ferme est accueillante. Le linge de lit et de toilette est sign\u00e9 des grandes marques du linge de maison des Vosges.<\/p>\n\n\n\n<p>Salle d&#8217;eau avec douche et lavabo. S\u00e8che cheveux, gel douche et shampoing fournis. Serviette de douche fournie. WC privatifs s\u00e9par\u00e9s.<\/p>\n<\/div><\/div>\n\n\n\n<div class=\"wp-block-buttons is-content-justification-right is-layout-flex wp-container-core-buttons-is-layout-255577d1 wp-block-buttons-is-layout-flex\">\n<div class=\"wp-block-button is-style-outline is-style-outline--1\"><a class=\"wp-block-button__link has-very-dark-gray-color has-very-light-gray-background-color has-text-color has-background wp-element-button\" href=\"http:\/\/lestiveduclaux.fr\/?page_id=364\" target=\"_blank\" rel=\"noreferrer noopener\"><strong>Tarifs<\/strong><\/a><\/div>\n<\/div>\n<\/div>\n<\/div>\n\n\n\n<h2 class=\"wp-block-heading\"><\/h2>\n\n\n\n<div class=\"wp-block-group is-nowrap is-layout-flex wp-container-core-group-is-layout-ad2f72ca wp-block-group-is-layout-flex\">\n<figure class=\"wp-block-image size-large is-resized\"><img loading=\"lazy\" decoding=\"async\" width=\"1024\" height=\"683\" src=\"http:\/\/lestiveduclaux.fr\/wp-content\/uploads\/2025\/08\/P1080939-1024x683.jpg\" alt=\"\" class=\"wp-image-899\" style=\"width:503px;height:auto\" srcset=\"https:\/\/lestiveduclaux.fr\/wp-content\/uploads\/2025\/08\/P1080939-1024x683.jpg 1024w, https:\/\/lestiveduclaux.fr\/wp-content\/uploads\/2025\/08\/P1080939-300x200.jpg 300w, https:\/\/lestiveduclaux.fr\/wp-content\/uploads\/2025\/08\/P1080939-768x512.jpg 768w, https:\/\/lestiveduclaux.fr\/wp-content\/uploads\/2025\/08\/P1080939-1536x1025.jpg 1536w, https:\/\/lestiveduclaux.fr\/wp-content\/uploads\/2025\/08\/P1080939-2048x1367.jpg 2048w, https:\/\/lestiveduclaux.fr\/wp-content\/uploads\/2025\/08\/P1080939-1619x1080.jpg 1619w\" sizes=\"auto, (max-width: 1024px) 100vw, 1024px\" \/><\/figure>\n\n\n\n<figure class=\"wp-block-image size-large is-resized\"><img loading=\"lazy\" decoding=\"async\" width=\"1024\" height=\"683\" src=\"http:\/\/lestiveduclaux.fr\/wp-content\/uploads\/2025\/08\/P1080954-1024x683.jpg\" alt=\"\" class=\"wp-image-900\" style=\"width:503px;height:auto\" srcset=\"https:\/\/lestiveduclaux.fr\/wp-content\/uploads\/2025\/08\/P1080954-1024x683.jpg 1024w, https:\/\/lestiveduclaux.fr\/wp-content\/uploads\/2025\/08\/P1080954-300x200.jpg 300w, https:\/\/lestiveduclaux.fr\/wp-content\/uploads\/2025\/08\/P1080954-768x512.jpg 768w, https:\/\/lestiveduclaux.fr\/wp-content\/uploads\/2025\/08\/P1080954-1536x1025.jpg 1536w, https:\/\/lestiveduclaux.fr\/wp-content\/uploads\/2025\/08\/P1080954-2048x1367.jpg 2048w, https:\/\/lestiveduclaux.fr\/wp-content\/uploads\/2025\/08\/P1080954-1619x1080.jpg 1619w\" sizes=\"auto, (max-width: 1024px) 100vw, 1024px\" \/><\/figure>\n\n\n\n<figure class=\"wp-block-image size-large is-resized\"><img loading=\"lazy\" decoding=\"async\" width=\"1024\" height=\"683\" src=\"http:\/\/lestiveduclaux.fr\/wp-content\/uploads\/2025\/08\/P1080928-1024x683.jpg\" alt=\"\" class=\"wp-image-898\" style=\"width:504px;height:auto\" srcset=\"https:\/\/lestiveduclaux.fr\/wp-content\/uploads\/2025\/08\/P1080928-1024x683.jpg 1024w, https:\/\/lestiveduclaux.fr\/wp-content\/uploads\/2025\/08\/P1080928-300x200.jpg 300w, https:\/\/lestiveduclaux.fr\/wp-content\/uploads\/2025\/08\/P1080928-768x512.jpg 768w, https:\/\/lestiveduclaux.fr\/wp-content\/uploads\/2025\/08\/P1080928-1536x1025.jpg 1536w, https:\/\/lestiveduclaux.fr\/wp-content\/uploads\/2025\/08\/P1080928-2048x1367.jpg 2048w, https:\/\/lestiveduclaux.fr\/wp-content\/uploads\/2025\/08\/P1080928-1619x1080.jpg 1619w\" sizes=\"auto, (max-width: 1024px) 100vw, 1024px\" \/><\/figure>\n<\/div>\n\n\n\n<h2 class=\"wp-block-heading\"><\/h2>\n\n\n\n<hr class=\"wp-block-separator has-alpha-channel-opacity\"\/>\n\n\n\n<h2 class=\"wp-block-heading\"><\/h2>\n\n\n\n<div class=\"wp-block-columns is-layout-flex wp-container-core-columns-is-layout-9d6595d7 wp-block-columns-is-layout-flex\">\n<div class=\"wp-block-column is-layout-flow wp-block-column-is-layout-flow\" style=\"flex-basis:33.33%\">\n<h3 class=\"wp-block-heading has-text-color\" style=\"color:#18831a\"><mark style=\"background-color:rgba(0, 0, 0, 0)\" class=\"has-inline-color has-vivid-red-color\">Chambre &#8220;Ic\u00f4ne acajou&#8221;<\/mark><\/h3>\n\n\n\n<p><strong><strong>Chambre DOUBLE &#8211; 1 \u00e0 2 pers<\/strong><\/strong>.<\/p>\n\n\n\n<p class=\"has-text-align-left\">Situ\u00e9e au 1er \u00e9tage de notre maison, cette chambre met \u00e0 l&#8217;honneur un des embl\u00e8mes du Cantal, la vache Salers de couleur acajou qui peuple nos estives.<\/p>\n\n\n\n<p>Elle dispose d&#8217;un lit double ( 160 cm). La literie mi-ferme est accueillante. Le linge de lit et de toilette est sign\u00e9 des grandes marques du linge de maison des Vosges.<\/p>\n\n\n\n<p>Salle d&#8217;eau avec douche et lavabo. S\u00e8che cheveux, gel douche et shampoing fournis. Serviette de douche fournie. WC privatifs s\u00e9par\u00e9s.<\/p>\n\n\n\n<div class=\"wp-block-buttons is-content-justification-left is-layout-flex wp-container-core-buttons-is-layout-fdcfc74e wp-block-buttons-is-layout-flex\">\n<div class=\"wp-block-button is-style-outline is-style-outline--2\"><a class=\"wp-block-button__link has-very-dark-gray-color has-very-light-gray-background-color has-text-color has-background wp-element-button\" href=\"http:\/\/lestiveduclaux.fr\/?page_id=364\" target=\"_blank\" rel=\"noreferrer noopener\"><strong>Tarifs<\/strong><\/a><\/div>\n<\/div>\n<\/div>\n\n\n\n<div class=\"wp-block-column is-layout-flow wp-block-column-is-layout-flow\" style=\"flex-basis:66.66%\">\n<figure class=\"wp-block-image size-large\"><img loading=\"lazy\" decoding=\"async\" width=\"1024\" height=\"683\" src=\"http:\/\/lestiveduclaux.fr\/wp-content\/uploads\/2024\/08\/P1080796-1024x683.jpg\" alt=\"\" class=\"wp-image-693\" srcset=\"https:\/\/lestiveduclaux.fr\/wp-content\/uploads\/2024\/08\/P1080796-1024x683.jpg 1024w, https:\/\/lestiveduclaux.fr\/wp-content\/uploads\/2024\/08\/P1080796-300x200.jpg 300w, https:\/\/lestiveduclaux.fr\/wp-content\/uploads\/2024\/08\/P1080796-768x512.jpg 768w, https:\/\/lestiveduclaux.fr\/wp-content\/uploads\/2024\/08\/P1080796-1536x1025.jpg 1536w, https:\/\/lestiveduclaux.fr\/wp-content\/uploads\/2024\/08\/P1080796-2048x1367.jpg 2048w, https:\/\/lestiveduclaux.fr\/wp-content\/uploads\/2024\/08\/P1080796-1619x1080.jpg 1619w\" sizes=\"auto, (max-width: 1024px) 100vw, 1024px\" \/><\/figure>\n<\/div>\n<\/div>\n\n\n\n<h2 class=\"wp-block-heading\"><\/h2>\n\n\n\n<div class=\"wp-block-group is-nowrap is-layout-flex wp-container-core-group-is-layout-ad2f72ca wp-block-group-is-layout-flex\">\n<figure class=\"wp-block-image size-large\"><img loading=\"lazy\" decoding=\"async\" width=\"683\" height=\"1024\" src=\"http:\/\/lestiveduclaux.fr\/wp-content\/uploads\/2024\/08\/P1080801-683x1024.jpg\" alt=\"\" class=\"wp-image-701\" srcset=\"https:\/\/lestiveduclaux.fr\/wp-content\/uploads\/2024\/08\/P1080801-683x1024.jpg 683w, https:\/\/lestiveduclaux.fr\/wp-content\/uploads\/2024\/08\/P1080801-200x300.jpg 200w, https:\/\/lestiveduclaux.fr\/wp-content\/uploads\/2024\/08\/P1080801-768x1151.jpg 768w, https:\/\/lestiveduclaux.fr\/wp-content\/uploads\/2024\/08\/P1080801-1025x1536.jpg 1025w, https:\/\/lestiveduclaux.fr\/wp-content\/uploads\/2024\/08\/P1080801-1367x2048.jpg 1367w, https:\/\/lestiveduclaux.fr\/wp-content\/uploads\/2024\/08\/P1080801-1024x1535.jpg 1024w, https:\/\/lestiveduclaux.fr\/wp-content\/uploads\/2024\/08\/P1080801-721x1080.jpg 721w, https:\/\/lestiveduclaux.fr\/wp-content\/uploads\/2024\/08\/P1080801-scaled.jpg 1708w\" sizes=\"auto, (max-width: 683px) 100vw, 683px\" \/><\/figure>\n\n\n\n<figure class=\"wp-block-image size-large\"><img loading=\"lazy\" decoding=\"async\" width=\"683\" height=\"1024\" src=\"http:\/\/lestiveduclaux.fr\/wp-content\/uploads\/2024\/08\/P1080799-683x1024.jpg\" alt=\"\" class=\"wp-image-706\" srcset=\"https:\/\/lestiveduclaux.fr\/wp-content\/uploads\/2024\/08\/P1080799-683x1024.jpg 683w, https:\/\/lestiveduclaux.fr\/wp-content\/uploads\/2024\/08\/P1080799-200x300.jpg 200w, https:\/\/lestiveduclaux.fr\/wp-content\/uploads\/2024\/08\/P1080799-768x1151.jpg 768w, https:\/\/lestiveduclaux.fr\/wp-content\/uploads\/2024\/08\/P1080799-1025x1536.jpg 1025w, https:\/\/lestiveduclaux.fr\/wp-content\/uploads\/2024\/08\/P1080799-1367x2048.jpg 1367w, https:\/\/lestiveduclaux.fr\/wp-content\/uploads\/2024\/08\/P1080799-1024x1535.jpg 1024w, https:\/\/lestiveduclaux.fr\/wp-content\/uploads\/2024\/08\/P1080799-721x1080.jpg 721w, https:\/\/lestiveduclaux.fr\/wp-content\/uploads\/2024\/08\/P1080799-scaled.jpg 1708w\" sizes=\"auto, (max-width: 683px) 100vw, 683px\" \/><\/figure>\n<\/div>\n\n\n\n<h2 class=\"wp-block-heading\"><\/h2>\n\n\n\n<hr class=\"wp-block-separator has-alpha-channel-opacity\"\/>\n\n\n\n<h2 class=\"wp-block-heading\"><\/h2>\n\n\n\n<div class=\"wp-block-columns is-layout-flex wp-container-core-columns-is-layout-9d6595d7 wp-block-columns-is-layout-flex\">\n<div class=\"wp-block-column is-layout-flow wp-block-column-is-layout-flow\" style=\"flex-basis:66.66%\">\n<figure class=\"wp-block-image size-large\"><img loading=\"lazy\" decoding=\"async\" width=\"1024\" height=\"683\" src=\"http:\/\/lestiveduclaux.fr\/wp-content\/uploads\/2025\/08\/P1080978-1024x683.jpg\" alt=\"\" class=\"wp-image-903\" srcset=\"https:\/\/lestiveduclaux.fr\/wp-content\/uploads\/2025\/08\/P1080978-1024x683.jpg 1024w, https:\/\/lestiveduclaux.fr\/wp-content\/uploads\/2025\/08\/P1080978-300x200.jpg 300w, https:\/\/lestiveduclaux.fr\/wp-content\/uploads\/2025\/08\/P1080978-768x512.jpg 768w, https:\/\/lestiveduclaux.fr\/wp-content\/uploads\/2025\/08\/P1080978-1536x1025.jpg 1536w, https:\/\/lestiveduclaux.fr\/wp-content\/uploads\/2025\/08\/P1080978-2048x1367.jpg 2048w, https:\/\/lestiveduclaux.fr\/wp-content\/uploads\/2025\/08\/P1080978-1619x1080.jpg 1619w\" sizes=\"auto, (max-width: 1024px) 100vw, 1024px\" \/><\/figure>\n<\/div>\n\n\n\n<div class=\"wp-block-column is-layout-flow wp-block-column-is-layout-flow\" style=\"flex-basis:33.33%\">\n<h3 class=\"wp-block-heading has-text-color\" style=\"color:#18831a\"><mark style=\"background-color:rgba(0, 0, 0, 0);color:#7e4823\" class=\"has-inline-color\">Chambre<\/mark> <mark style=\"background-color:rgba(0, 0, 0, 0);color:#7e4823\" class=\"has-inline-color\">&#8220;Sentier des Quiroux&#8221;<\/mark><\/h3>\n\n\n\n<p><strong>Chambre DOUBLE &#8211; 1 \u00e0 2 pers<\/strong>.<\/p>\n\n\n\n<p>Situ\u00e9e au 2\u00e8me \u00e9tage, cette chambre est comme cet unique sentier jalonn\u00e9 de Quiroux. Elle repose et rassure le voyageur qui traverse les estives.<\/p>\n\n\n\n<p>Elle dispose d&#8217;un lit double (160 cm). La literie mi-ferme est accueillante. Le linge de lit et de toilette est sign\u00e9 des grandes marques du linge de maison des Vosges.<\/p>\n\n\n\n<p>Salle d&#8217;eau avec douche et lavabo. S\u00e8che cheveux, gel douche et shampoing fournis. Serviette de douche fournie. WC privatifs s\u00e9par\u00e9s.<\/p>\n\n\n\n<div class=\"wp-block-buttons is-content-justification-center is-layout-flex wp-container-core-buttons-is-layout-16018d1d wp-block-buttons-is-layout-flex\">\n<div class=\"wp-block-button is-style-outline is-style-outline--3\"><a class=\"wp-block-button__link has-very-dark-gray-color has-very-light-gray-background-color has-text-color has-background wp-element-button\" href=\"http:\/\/lestiveduclaux.fr\/?page_id=364\" target=\"_blank\" rel=\"noreferrer noopener\"><strong>Tarifs<\/strong><\/a><\/div>\n<\/div>\n<\/div>\n<\/div>\n\n\n\n<h2 class=\"wp-block-heading\"><\/h2>\n\n\n\n<div class=\"wp-block-group is-nowrap is-layout-flex wp-container-core-group-is-layout-ad2f72ca wp-block-group-is-layout-flex\">\n<figure class=\"wp-block-image size-large is-resized\"><img loading=\"lazy\" decoding=\"async\" width=\"1024\" height=\"683\" src=\"http:\/\/lestiveduclaux.fr\/wp-content\/uploads\/2025\/08\/P1080984-1024x683.jpg\" alt=\"\" class=\"wp-image-904\" style=\"width:367px;height:auto\" srcset=\"https:\/\/lestiveduclaux.fr\/wp-content\/uploads\/2025\/08\/P1080984-1024x683.jpg 1024w, https:\/\/lestiveduclaux.fr\/wp-content\/uploads\/2025\/08\/P1080984-300x200.jpg 300w, https:\/\/lestiveduclaux.fr\/wp-content\/uploads\/2025\/08\/P1080984-768x512.jpg 768w, https:\/\/lestiveduclaux.fr\/wp-content\/uploads\/2025\/08\/P1080984-1536x1025.jpg 1536w, https:\/\/lestiveduclaux.fr\/wp-content\/uploads\/2025\/08\/P1080984-2048x1367.jpg 2048w, https:\/\/lestiveduclaux.fr\/wp-content\/uploads\/2025\/08\/P1080984-1619x1080.jpg 1619w\" sizes=\"auto, (max-width: 1024px) 100vw, 1024px\" \/><\/figure>\n\n\n\n<figure class=\"wp-block-image size-large is-resized\"><img loading=\"lazy\" decoding=\"async\" width=\"1024\" height=\"683\" src=\"http:\/\/lestiveduclaux.fr\/wp-content\/uploads\/2025\/08\/P1080999-1024x683.jpg\" alt=\"\" class=\"wp-image-906\" style=\"width:367px;height:auto\" srcset=\"https:\/\/lestiveduclaux.fr\/wp-content\/uploads\/2025\/08\/P1080999-1024x683.jpg 1024w, https:\/\/lestiveduclaux.fr\/wp-content\/uploads\/2025\/08\/P1080999-300x200.jpg 300w, https:\/\/lestiveduclaux.fr\/wp-content\/uploads\/2025\/08\/P1080999-768x512.jpg 768w, https:\/\/lestiveduclaux.fr\/wp-content\/uploads\/2025\/08\/P1080999-1536x1025.jpg 1536w, https:\/\/lestiveduclaux.fr\/wp-content\/uploads\/2025\/08\/P1080999-2048x1367.jpg 2048w, https:\/\/lestiveduclaux.fr\/wp-content\/uploads\/2025\/08\/P1080999-1619x1080.jpg 1619w\" sizes=\"auto, (max-width: 1024px) 100vw, 1024px\" \/><\/figure>\n\n\n\n<figure class=\"wp-block-image size-large is-resized\"><img loading=\"lazy\" decoding=\"async\" width=\"1024\" height=\"683\" src=\"http:\/\/lestiveduclaux.fr\/wp-content\/uploads\/2025\/08\/P1080990-1024x683.jpg\" alt=\"\" class=\"wp-image-905\" style=\"width:366px;height:auto\" srcset=\"https:\/\/lestiveduclaux.fr\/wp-content\/uploads\/2025\/08\/P1080990-1024x683.jpg 1024w, https:\/\/lestiveduclaux.fr\/wp-content\/uploads\/2025\/08\/P1080990-300x200.jpg 300w, https:\/\/lestiveduclaux.fr\/wp-content\/uploads\/2025\/08\/P1080990-768x512.jpg 768w, https:\/\/lestiveduclaux.fr\/wp-content\/uploads\/2025\/08\/P1080990-1536x1025.jpg 1536w, https:\/\/lestiveduclaux.fr\/wp-content\/uploads\/2025\/08\/P1080990-2048x1367.jpg 2048w, https:\/\/lestiveduclaux.fr\/wp-content\/uploads\/2025\/08\/P1080990-1619x1080.jpg 1619w\" sizes=\"auto, (max-width: 1024px) 100vw, 1024px\" \/><\/figure>\n<\/div>\n\n\n\n<h2 class=\"wp-block-heading\"><\/h2>\n\n\n\n<hr class=\"wp-block-separator has-alpha-channel-opacity\"\/>\n\n\n\n<h2 class=\"wp-block-heading\"><\/h2>\n\n\n\n<div class=\"wp-block-columns is-layout-flex wp-container-core-columns-is-layout-9d6595d7 wp-block-columns-is-layout-flex\">\n<div class=\"wp-block-column is-layout-flow wp-block-column-is-layout-flow\" style=\"flex-basis:33.33%\">\n<h3 class=\"wp-block-heading has-text-color\" style=\"color:#18831a\"><mark style=\"background-color:rgba(0, 0, 0, 0);color:#0d1041\" class=\"has-inline-color\">Chambre &#8220;Tonnerre du limon&#8221;<\/mark><\/h3>\n\n\n\n<p><strong>Chambre TRIPLE &#8211; 2 \u00e0 3 pers<\/strong>.<\/p>\n\n\n\n<p>Situ\u00e9e au 2\u00e8me \u00e9tage de notre maison. En hauteur, comme sur le plateau du Limon, elle vous offre une belle vue sur les montagnes environnantes.<\/p>\n\n\n\n<p>Elle dispose d&#8217;un lit double (160 cm) et d&#8217;un lit simple (90cm). Possibilit\u00e9 d&#8217;avoir 3 lits simples. Id\u00e9ale entre amis ou en famille.<\/p>\n\n\n\n<p>La literie mi-ferme est accueillante. Le linge de lit et de toilette est sign\u00e9 des grandes marques du linge de maison des Vosges.<\/p>\n\n\n\n<p>Salle d&#8217;eau avec douche et lavabo. S\u00e8che cheveux, gel douche et shampoing fournis. Serviette de douche fournie. WC privatifs s\u00e9par\u00e9s.<\/p>\n\n\n\n<div class=\"wp-block-buttons is-content-justification-center is-layout-flex wp-container-core-buttons-is-layout-16018d1d wp-block-buttons-is-layout-flex\">\n<div class=\"wp-block-button is-style-outline is-style-outline--4\"><a class=\"wp-block-button__link has-very-dark-gray-color has-very-light-gray-background-color has-text-color has-background wp-element-button\" href=\"http:\/\/lestiveduclaux.fr\/?page_id=364\" target=\"_blank\" rel=\"noreferrer noopener\"><strong>Tarifs<\/strong><\/a><\/div>\n<\/div>\n<\/div>\n\n\n\n<div class=\"wp-block-column is-layout-flow wp-block-column-is-layout-flow\" style=\"flex-basis:66.66%\">\n<figure class=\"wp-block-image size-large\"><img loading=\"lazy\" decoding=\"async\" width=\"1024\" height=\"683\" src=\"http:\/\/lestiveduclaux.fr\/wp-content\/uploads\/2025\/08\/P1090058-1024x683.jpg\" alt=\"\" class=\"wp-image-910\" srcset=\"https:\/\/lestiveduclaux.fr\/wp-content\/uploads\/2025\/08\/P1090058-1024x683.jpg 1024w, https:\/\/lestiveduclaux.fr\/wp-content\/uploads\/2025\/08\/P1090058-300x200.jpg 300w, https:\/\/lestiveduclaux.fr\/wp-content\/uploads\/2025\/08\/P1090058-768x512.jpg 768w, https:\/\/lestiveduclaux.fr\/wp-content\/uploads\/2025\/08\/P1090058-1536x1025.jpg 1536w, https:\/\/lestiveduclaux.fr\/wp-content\/uploads\/2025\/08\/P1090058-2048x1367.jpg 2048w, https:\/\/lestiveduclaux.fr\/wp-content\/uploads\/2025\/08\/P1090058-1619x1080.jpg 1619w\" sizes=\"auto, (max-width: 1024px) 100vw, 1024px\" \/><\/figure>\n<\/div>\n<\/div>\n\n\n\n<h2 class=\"wp-block-heading\"><\/h2>\n\n\n\n<div class=\"wp-block-group is-nowrap is-layout-flex wp-container-core-group-is-layout-ad2f72ca wp-block-group-is-layout-flex\">\n<div class=\"wp-block-buttons is-layout-flex wp-block-buttons-is-layout-flex\"><\/div>\n\n\n\n<figure class=\"wp-block-image size-large is-resized\"><img loading=\"lazy\" decoding=\"async\" width=\"683\" height=\"1024\" src=\"http:\/\/lestiveduclaux.fr\/wp-content\/uploads\/2025\/08\/P1090094-683x1024.jpg\" alt=\"\" class=\"wp-image-913\" style=\"width:253px;height:auto\" srcset=\"https:\/\/lestiveduclaux.fr\/wp-content\/uploads\/2025\/08\/P1090094-683x1024.jpg 683w, https:\/\/lestiveduclaux.fr\/wp-content\/uploads\/2025\/08\/P1090094-200x300.jpg 200w, https:\/\/lestiveduclaux.fr\/wp-content\/uploads\/2025\/08\/P1090094-768x1151.jpg 768w, https:\/\/lestiveduclaux.fr\/wp-content\/uploads\/2025\/08\/P1090094-1025x1536.jpg 1025w, https:\/\/lestiveduclaux.fr\/wp-content\/uploads\/2025\/08\/P1090094-1367x2048.jpg 1367w, https:\/\/lestiveduclaux.fr\/wp-content\/uploads\/2025\/08\/P1090094-1024x1535.jpg 1024w, https:\/\/lestiveduclaux.fr\/wp-content\/uploads\/2025\/08\/P1090094-721x1080.jpg 721w, https:\/\/lestiveduclaux.fr\/wp-content\/uploads\/2025\/08\/P1090094-scaled.jpg 1708w\" sizes=\"auto, (max-width: 683px) 100vw, 683px\" \/><\/figure>\n\n\n\n<figure class=\"wp-block-image size-large is-resized\"><img loading=\"lazy\" decoding=\"async\" width=\"1024\" height=\"683\" src=\"http:\/\/lestiveduclaux.fr\/wp-content\/uploads\/2025\/08\/P1090064-1024x683.jpg\" alt=\"\" class=\"wp-image-911\" style=\"width:363px;height:auto\" srcset=\"https:\/\/lestiveduclaux.fr\/wp-content\/uploads\/2025\/08\/P1090064-1024x683.jpg 1024w, https:\/\/lestiveduclaux.fr\/wp-content\/uploads\/2025\/08\/P1090064-300x200.jpg 300w, https:\/\/lestiveduclaux.fr\/wp-content\/uploads\/2025\/08\/P1090064-768x512.jpg 768w, https:\/\/lestiveduclaux.fr\/wp-content\/uploads\/2025\/08\/P1090064-1536x1025.jpg 1536w, https:\/\/lestiveduclaux.fr\/wp-content\/uploads\/2025\/08\/P1090064-2048x1367.jpg 2048w, https:\/\/lestiveduclaux.fr\/wp-content\/uploads\/2025\/08\/P1090064-1619x1080.jpg 1619w\" sizes=\"auto, (max-width: 1024px) 100vw, 1024px\" \/><\/figure>\n\n\n\n<figure class=\"wp-block-image size-large is-resized\"><img loading=\"lazy\" decoding=\"async\" width=\"683\" height=\"1024\" src=\"http:\/\/lestiveduclaux.fr\/wp-content\/uploads\/2025\/08\/P1090088-683x1024.jpg\" alt=\"\" class=\"wp-image-912\" style=\"width:253px;height:auto\" srcset=\"https:\/\/lestiveduclaux.fr\/wp-content\/uploads\/2025\/08\/P1090088-683x1024.jpg 683w, https:\/\/lestiveduclaux.fr\/wp-content\/uploads\/2025\/08\/P1090088-200x300.jpg 200w, https:\/\/lestiveduclaux.fr\/wp-content\/uploads\/2025\/08\/P1090088-768x1151.jpg 768w, https:\/\/lestiveduclaux.fr\/wp-content\/uploads\/2025\/08\/P1090088-1025x1536.jpg 1025w, https:\/\/lestiveduclaux.fr\/wp-content\/uploads\/2025\/08\/P1090088-1367x2048.jpg 1367w, https:\/\/lestiveduclaux.fr\/wp-content\/uploads\/2025\/08\/P1090088-1024x1535.jpg 1024w, https:\/\/lestiveduclaux.fr\/wp-content\/uploads\/2025\/08\/P1090088-721x1080.jpg 721w, https:\/\/lestiveduclaux.fr\/wp-content\/uploads\/2025\/08\/P1090088-scaled.jpg 1708w\" sizes=\"auto, (max-width: 683px) 100vw, 683px\" \/><\/figure>\n<\/div>\n\n\n\n<hr class=\"wp-block-separator has-alpha-channel-opacity\"\/>\n\n\n\n\n\n<h2 class=\"wp-block-heading\"><\/h2>\n\n\n\n<p><\/p>\n\n\n\n<h3 class=\"wp-block-heading\"><mark style=\"background-color:rgba(0, 0, 0, 0)\" class=\"has-inline-color has-luminous-vivid-amber-color\">Chambre &#8220;d&#8217;En Haut&#8221;<\/mark><\/h3>\n\n\n\n<figure class=\"wp-block-image size-full is-resized\"><img loading=\"lazy\" decoding=\"async\" width=\"144\" height=\"256\" src=\"https:\/\/lestiveduclaux.fr\/wp-content\/uploads\/2026\/02\/DEn-Haut.jpg\" alt=\"\" class=\"wp-image-1059\" style=\"width:110px;height:auto\"\/><\/figure>\n\n\n\n<p><strong>Grande chambre mansard\u00e9e 45 m2- 3 \u00e0 5 pers<\/strong>.<\/p>\n\n\n\n<p>Situ\u00e9e au 2\u00e8me \u00e9tage de notre maison. En hauteur, comme sur les plateaux d&#8217;Estive, elle vous offre une belle vue sur les montagnes environnantes. Cette chambre est en cours d&#8217;am\u00e9nagement. Inauguration en Mai 2026 ! A r\u00e9server d\u00e8s \u00e0 pr\u00e9sent.    <a href=\"http:\/\/lestiveduclaux.fr\/?page_id=364\" target=\"_blank\" rel=\"noreferrer noopener\"><strong>Tarifs<\/strong><\/a><\/p>\n\n\n\n<p>Elle sera id\u00e9ale entre amis ou en famille. La literie mi-ferme est accueillante. Le linge de lit et de toilette est sign\u00e9 des grandes marques du linge de maison des Vosges.<\/p>\n\n\n\n<p>Elle disposera de 5 couchages: [5 lits simples (90cm)] ou [1 lit double 180X200 et 3 lits simples 90cm] ou [2 lits doubles 180X200 et 1 lit simple (90 cm)]. La configuration est \u00e0 pr\u00e9ciser lors de votre r\u00e9servation. <\/p>\n\n\n\n<p>Salle d&#8217;eau avec douche et lavabo. S\u00e8che cheveux, gel douche et shampoing fournis. Serviette de douche fournie. WC privatifs s\u00e9par\u00e9s.<\/p>\n","protected":false},"excerpt":{"rendered":"<p>D\u00e9couvrez nos 5 chambres uniques et confortables. Chambre &#8220;Echapp\u00e9es Vertes&#8221; Chambre TRIPLE &#8211; 2 \u00e0 3 pers. Situ\u00e9e au 1er \u00e9tage de notre maison, cette chambre lumineuse fait honneur aux paysages verdoyants des estives du Cantal. Elle dispose d&#8217;un lit double (160 cm) et d&#8217;un lit simple (90cm). Possibilit\u00e9 d&#8217;avoir 3 lits simples. Id\u00e9ale entre&hellip; <br \/> <a class=\"button small blue\" href=\"https:\/\/lestiveduclaux.fr\/?page_id=9\">Read more<\/a><\/p>\n","protected":false},"author":1,"featured_media":0,"parent":0,"menu_order":0,"comment_status":"closed","ping_status":"closed","template":"","meta":{"footnotes":""},"class_list":["post-9","page","type-page","status-publish","hentry"],"yoast_head":"<!-- This site is optimized with the Yoast SEO plugin v23.9 - https:\/\/yoast.com\/wordpress\/plugins\/seo\/ -->\n<title>Nos Chambres - L&#039;Estive du Claux<\/title>\n<meta name=\"description\" content=\"Chambre et table d&#039;h\u00f4te au pied du Puy Mary dans le cantal, pour pratiquer randonn\u00e9es, VTT, parapente. D\u00e9couvrir notre terroir, gastronomie, patrimoine\" \/>\n<meta name=\"robots\" content=\"index, follow, max-snippet:-1, max-image-preview:large, max-video-preview:-1\" \/>\n<link rel=\"canonical\" href=\"https:\/\/lestiveduclaux.fr\/?page_id=9\" \/>\n<meta property=\"og:locale\" content=\"en_US\" \/>\n<meta property=\"og:type\" content=\"article\" \/>\n<meta property=\"og:title\" content=\"Nos Chambres - L&#039;Estive du Claux\" \/>\n<meta property=\"og:description\" content=\"Chambre et table d&#039;h\u00f4te au pied du Puy Mary dans le cantal, pour pratiquer randonn\u00e9es, VTT, parapente. D\u00e9couvrir notre terroir, gastronomie, patrimoine\" \/>\n<meta property=\"og:url\" content=\"https:\/\/lestiveduclaux.fr\/?page_id=9\" \/>\n<meta property=\"og:site_name\" content=\"L&#039;Estive du Claux\" \/>\n<meta property=\"article:publisher\" content=\"https:\/\/www.facebook.com\/pages\/category\/Bed-and-Breakfast\/LEstive-du-Claux-100901485023600\/\" \/>\n<meta property=\"article:modified_time\" content=\"2026-03-17T08:13:42+00:00\" \/>\n<meta property=\"og:image\" content=\"https:\/\/lestiveduclaux.fr\/wp-content\/uploads\/2025\/08\/P1090001-scaled.jpg\" \/>\n\t<meta property=\"og:image:width\" content=\"2560\" \/>\n\t<meta property=\"og:image:height\" content=\"1708\" \/>\n\t<meta property=\"og:image:type\" content=\"image\/jpeg\" \/>\n<meta name=\"twitter:card\" content=\"summary_large_image\" \/>\n<meta name=\"twitter:label1\" content=\"Est. reading time\" \/>\n\t<meta name=\"twitter:data1\" content=\"6 minutes\" \/>\n<script type=\"application\/ld+json\" class=\"yoast-schema-graph\">{\"@context\":\"https:\/\/schema.org\",\"@graph\":[{\"@type\":\"WebPage\",\"@id\":\"https:\/\/lestiveduclaux.fr\/?page_id=9\",\"url\":\"https:\/\/lestiveduclaux.fr\/?page_id=9\",\"name\":\"Nos Chambres - L&#039;Estive du Claux\",\"isPartOf\":{\"@id\":\"https:\/\/lestiveduclaux.fr\/#website\"},\"primaryImageOfPage\":{\"@id\":\"https:\/\/lestiveduclaux.fr\/?page_id=9#primaryimage\"},\"image\":{\"@id\":\"https:\/\/lestiveduclaux.fr\/?page_id=9#primaryimage\"},\"thumbnailUrl\":\"http:\/\/lestiveduclaux.fr\/wp-content\/uploads\/2025\/08\/P1090001-1024x683.jpg\",\"datePublished\":\"2020-07-20T16:51:42+00:00\",\"dateModified\":\"2026-03-17T08:13:42+00:00\",\"description\":\"Chambre et table d'h\u00f4te au pied du Puy Mary dans le cantal, pour pratiquer randonn\u00e9es, VTT, parapente. D\u00e9couvrir notre terroir, gastronomie, patrimoine\",\"breadcrumb\":{\"@id\":\"https:\/\/lestiveduclaux.fr\/?page_id=9#breadcrumb\"},\"inLanguage\":\"en-US\",\"potentialAction\":[{\"@type\":\"ReadAction\",\"target\":[\"https:\/\/lestiveduclaux.fr\/?page_id=9\"]}]},{\"@type\":\"ImageObject\",\"inLanguage\":\"en-US\",\"@id\":\"https:\/\/lestiveduclaux.fr\/?page_id=9#primaryimage\",\"url\":\"https:\/\/lestiveduclaux.fr\/wp-content\/uploads\/2025\/08\/P1090001-scaled.jpg\",\"contentUrl\":\"https:\/\/lestiveduclaux.fr\/wp-content\/uploads\/2025\/08\/P1090001-scaled.jpg\",\"width\":2560,\"height\":1708},{\"@type\":\"BreadcrumbList\",\"@id\":\"https:\/\/lestiveduclaux.fr\/?page_id=9#breadcrumb\",\"itemListElement\":[{\"@type\":\"ListItem\",\"position\":1,\"name\":\"Accueil\",\"item\":\"https:\/\/lestiveduclaux.fr\/\"},{\"@type\":\"ListItem\",\"position\":2,\"name\":\"Nos Chambres\"}]},{\"@type\":\"WebSite\",\"@id\":\"https:\/\/lestiveduclaux.fr\/#website\",\"url\":\"https:\/\/lestiveduclaux.fr\/\",\"name\":\"Estive du Claux\",\"description\":\"\",\"potentialAction\":[{\"@type\":\"SearchAction\",\"target\":{\"@type\":\"EntryPoint\",\"urlTemplate\":\"https:\/\/lestiveduclaux.fr\/?s={search_term_string}\"},\"query-input\":{\"@type\":\"PropertyValueSpecification\",\"valueRequired\":true,\"valueName\":\"search_term_string\"}}],\"inLanguage\":\"en-US\"}]}<\/script>\n<!-- \/ Yoast SEO plugin. -->","yoast_head_json":{"title":"Nos Chambres - L&#039;Estive du Claux","description":"Chambre et table d'h\u00f4te au pied du Puy Mary dans le cantal, pour pratiquer randonn\u00e9es, VTT, parapente. D\u00e9couvrir notre terroir, gastronomie, patrimoine","robots":{"index":"index","follow":"follow","max-snippet":"max-snippet:-1","max-image-preview":"max-image-preview:large","max-video-preview":"max-video-preview:-1"},"canonical":"https:\/\/lestiveduclaux.fr\/?page_id=9","og_locale":"en_US","og_type":"article","og_title":"Nos Chambres - L&#039;Estive du Claux","og_description":"Chambre et table d'h\u00f4te au pied du Puy Mary dans le cantal, pour pratiquer randonn\u00e9es, VTT, parapente. D\u00e9couvrir notre terroir, gastronomie, patrimoine","og_url":"https:\/\/lestiveduclaux.fr\/?page_id=9","og_site_name":"L&#039;Estive du Claux","article_publisher":"https:\/\/www.facebook.com\/pages\/category\/Bed-and-Breakfast\/LEstive-du-Claux-100901485023600\/","article_modified_time":"2026-03-17T08:13:42+00:00","og_image":[{"width":2560,"height":1708,"url":"https:\/\/lestiveduclaux.fr\/wp-content\/uploads\/2025\/08\/P1090001-scaled.jpg","type":"image\/jpeg"}],"twitter_card":"summary_large_image","twitter_misc":{"Est. reading time":"6 minutes"},"schema":{"@context":"https:\/\/schema.org","@graph":[{"@type":"WebPage","@id":"https:\/\/lestiveduclaux.fr\/?page_id=9","url":"https:\/\/lestiveduclaux.fr\/?page_id=9","name":"Nos Chambres - L&#039;Estive du Claux","isPartOf":{"@id":"https:\/\/lestiveduclaux.fr\/#website"},"primaryImageOfPage":{"@id":"https:\/\/lestiveduclaux.fr\/?page_id=9#primaryimage"},"image":{"@id":"https:\/\/lestiveduclaux.fr\/?page_id=9#primaryimage"},"thumbnailUrl":"http:\/\/lestiveduclaux.fr\/wp-content\/uploads\/2025\/08\/P1090001-1024x683.jpg","datePublished":"2020-07-20T16:51:42+00:00","dateModified":"2026-03-17T08:13:42+00:00","description":"Chambre et table d'h\u00f4te au pied du Puy Mary dans le cantal, pour pratiquer randonn\u00e9es, VTT, parapente. D\u00e9couvrir notre terroir, gastronomie, patrimoine","breadcrumb":{"@id":"https:\/\/lestiveduclaux.fr\/?page_id=9#breadcrumb"},"inLanguage":"en-US","potentialAction":[{"@type":"ReadAction","target":["https:\/\/lestiveduclaux.fr\/?page_id=9"]}]},{"@type":"ImageObject","inLanguage":"en-US","@id":"https:\/\/lestiveduclaux.fr\/?page_id=9#primaryimage","url":"https:\/\/lestiveduclaux.fr\/wp-content\/uploads\/2025\/08\/P1090001-scaled.jpg","contentUrl":"https:\/\/lestiveduclaux.fr\/wp-content\/uploads\/2025\/08\/P1090001-scaled.jpg","width":2560,"height":1708},{"@type":"BreadcrumbList","@id":"https:\/\/lestiveduclaux.fr\/?page_id=9#breadcrumb","itemListElement":[{"@type":"ListItem","position":1,"name":"Accueil","item":"https:\/\/lestiveduclaux.fr\/"},{"@type":"ListItem","position":2,"name":"Nos Chambres"}]},{"@type":"WebSite","@id":"https:\/\/lestiveduclaux.fr\/#website","url":"https:\/\/lestiveduclaux.fr\/","name":"Estive du Claux","description":"","potentialAction":[{"@type":"SearchAction","target":{"@type":"EntryPoint","urlTemplate":"https:\/\/lestiveduclaux.fr\/?s={search_term_string}"},"query-input":{"@type":"PropertyValueSpecification","valueRequired":true,"valueName":"search_term_string"}}],"inLanguage":"en-US"}]}},"_links":{"self":[{"href":"https:\/\/lestiveduclaux.fr\/index.php?rest_route=\/wp\/v2\/pages\/9","targetHints":{"allow":["GET"]}}],"collection":[{"href":"https:\/\/lestiveduclaux.fr\/index.php?rest_route=\/wp\/v2\/pages"}],"about":[{"href":"https:\/\/lestiveduclaux.fr\/index.php?rest_route=\/wp\/v2\/types\/page"}],"author":[{"embeddable":true,"href":"https:\/\/lestiveduclaux.fr\/index.php?rest_route=\/wp\/v2\/users\/1"}],"replies":[{"embeddable":true,"href":"https:\/\/lestiveduclaux.fr\/index.php?rest_route=%2Fwp%2Fv2%2Fcomments&post=9"}],"version-history":[{"count":46,"href":"https:\/\/lestiveduclaux.fr\/index.php?rest_route=\/wp\/v2\/pages\/9\/revisions"}],"predecessor-version":[{"id":1104,"href":"https:\/\/lestiveduclaux.fr\/index.php?rest_route=\/wp\/v2\/pages\/9\/revisions\/1104"}],"wp:attachment":[{"href":"https:\/\/lestiveduclaux.fr\/index.php?rest_route=%2Fwp%2Fv2%2Fmedia&parent=9"}],"curies":[{"name":"wp","href":"https:\/\/api.w.org\/{rel}","templated":true}]}}